{"id":6695,"date":"2015-10-11T12:14:57","date_gmt":"2015-10-11T10:14:57","guid":{"rendered":"http:\/\/www.zamosc.pttk.pl\/wordpress\/?page_id=6695"},"modified":"2015-10-13T19:28:32","modified_gmt":"2015-10-13T17:28:32","slug":"wycieczka-przewodnikow-do-tomaszowa-lubelskiego","status":"publish","type":"page","link":"https:\/\/zamosc.pttk.pl\/wordpress\/?page_id=6695","title":{"rendered":"Wycieczka przewodnik\u00f3w do Tomaszowa Lubelskiego"},"content":{"rendered":"<p><span style=\"font-size: 14px;\">Wycieczka studyjna do Tomaszowa Lubelskiego &#8211; wspomnienia<\/span><\/p>\n<p>[huge_it_slider id=&#8221;49&#8243;]<\/p>\n<p>&nbsp;<\/p>\n<p>&nbsp;<\/p>\n<p>&nbsp;<\/p>\n<p>&nbsp;<\/p>\n<p>&nbsp;<\/p>\n<p>&nbsp;<\/p>\n<p>&nbsp;<\/p>\n<p>&nbsp;<\/p>\n<p>&nbsp;<\/p>\n<p>&nbsp;<\/p>\n<p>&nbsp;<\/p>\n<p>&nbsp;<\/p>\n<p>&nbsp;<\/p>\n<p>&nbsp;<\/p>\n<p>&nbsp;<\/p>\n<p>&nbsp;<\/p>\n<p>&nbsp;<\/p>\n<p>&nbsp;<\/p>\n<p>&nbsp;<\/p>\n<p>&nbsp;<\/p>\n<p>&nbsp;<\/p>\n<hr \/>\n<p>&nbsp;<\/p>\n<p style=\"text-align: justify;\">Na zaproszenie W\u0142adz Tomaszowa Lubelskiego w dniu 10 pa\u017adziernika 2015 r. przyjechali do Miasta przewodnicy PTTK z Oddzia\u0142u PTTK w Zamo\u015bciu &#8211; 25 os\u00f3b.<\/p>\n<p style=\"text-align: justify;\">Punktualnie o \u00a0um\u00f3wionej godzinie tzn. 9.15 przyjechali\u015bmy na nowy parking przy ulicy Kr\u00f3lewskiej.<br \/>\nTutaj powitali nas przedstawiciele Urz\u0119du Miasta p. Janusz Brodowski &#8211; Sekretarz Miasta i pracownik d\/s promocji p. Jaros\u0142aw Antoszewski oraz znany regionalista p. Wojciech Dziedzic.<br \/>\nPo powitaniu otrzymali\u015bmy materia\u0142y promocyjne: Przewodnik po Tomaszowie Lubelskim, mapy Tomaszowa Lubelskiego i Roztocza \u015arodkowego, d\u0142ugopis oraz kubek &#8211; zapewne pami\u0105tka po tomaszowskiej farfurni. Serdecznie dzi\u0119kujemy za praktyczne prezenty dla przewodnik\u00f3w.<br \/>\nNast\u0119pnie udali\u015bmy si\u0119 na piesz\u0105 wycieczk\u0119 po Tomaszowie Lubelskim. Przy pomniku po\u015bwi\u0119conym \u017bo\u0142nierzom Wrze\u015bnia 1939 r. przy ul. Lwowskiej panowie Wojciech Dziedzic i Jaros\u0142aw Antoszewski opowiedzieli o przebiegu walk wrze\u015bniowych o Tomasz\u00f3w oraz o symbolice pomnika i imprezach rekonstrukcyjnych ka\u017cdego roku we wrze\u015bniu.<br \/>\nPodeszli\u015bmy pod figur\u0119 \u015bw. Tekli. Po dok\u0142adnym obejrzeniu okaza\u0142o si\u0119, \u017ce u st\u00f3p \u015bw. Tekli znajduje si\u0119 wilczyca a nie\u00a0 lwica.\u00a0 Wg tradycji \u015bw. Tekla mia\u0142a broni\u0107 mieszka\u0144c\u00f3w przede wszystkim przed dzikimi zwierz\u0119tami, kt\u00f3re w dawnych wiekach napada\u0142y na mieszka\u0144c\u00f3w. Wg opowie\u015bci zg\u0142odnia\u0142e wilki noc\u0105 zakrada\u0142y si\u0119 nawet na rynek tomaszowski i zlizywa\u0142y z pniak\u00f3w w jatkach resztki mi\u0119sa i krwi. Straszy\u0142y te\u017c mieszka\u0144c\u00f3w udaj\u0105cych si\u0119 na roraty.<br \/>\nKiedy postawiono figur\u0119 \u015bw. Tekli na \u00a0rynku tomaszowskim wilki przesta\u0142y dokucza\u0107 mieszka\u0144com. P\u00f3\u017aniej figur\u0119 przeniesiono na ul. Lwowsk\u0105 w miejsce gdzie niegdy\u015b sta\u0142 jeden z ko\u015bcio\u0142\u00f3w tomaszowskich.<\/p>\n<p style=\"text-align: justify;\">Na ul. \u017beromskiego zatrzymali\u015bmy si\u0119 przy krzy\u017cu i tablicy ku czci mieszka\u0144c\u00f3w Tomaszowa zamordowanych przez Rosjan w dn. 5 lutego 1863 r. w odwet za zdobycie miasta przez oddzia\u0142 powsta\u0144czy pod dow. Hugona Gramowskiego ze Zwierzy\u0144ca.<\/p>\n<p style=\"text-align: justify;\">Doszli\u015bmy kaplicy p.w. \u015bw. Wojciecha, kt\u00f3ra stoi w miejscu ko\u015bcio\u0142a i klasztoru o.o. Trynitarzy. Znajdowa\u0142 si\u0119 tutaj cudowny obraz MB Szkaplerznej. \u0179r\u00f3de\u0142ko, kt\u00f3re niegdy\u015b tutaj wyp\u0142ywa\u0142o mia\u0142o prorocze w\u0142a\u015bciwo\u015bci &#8211; kiedy mia\u0142 by\u0107 spok\u00f3j to \u017ar\u00f3d\u0142o\u00a0 zanika\u0142o a obficie p\u0142yn\u0105ca woda wr\u00f3\u017cy\u0142a nieszcz\u0119\u015bcia.\u00a0W kaplicy znajduje si\u0119 obraz \u015bw. Wojciecha i kopia MB Szkaplerznej.<\/p>\n<p style=\"text-align: left;\">Wi\u0119cej o Tomaszowie Ordynackim prosimy poczyta\u0107 tutaj:<\/p>\n<p style=\"text-align: left;\"><a href=\"http:\/\/dir.icm.edu.pl\/pl\/Slownik_geograficzny\/Tom_XII\/374\">http:\/\/dir.icm.edu.pl\/pl\/Slownik_geograficzny\/Tom_XII\/374<\/a><\/p>\n<p style=\"text-align: justify;\">Poszli\u015bmy p\u00f3\u017aniej na stary cmentarz, przechodzili\u015bmy obok mogi\u0142 zacnych mieszka\u0144c\u00f3w Tomaszowa Lubelskiego (Ordynackiego) i udali\u015bmy na cmentarz wojenny. Na cmentarzu spoczywaj\u0105 \u017co\u0142nierze polegli i zmarli z ran w miejscowym szpitalu we wrze\u015bniu 1939 r. W\u015br\u00f3d swoich \u017co\u0142nierzy spoczywa gen dyw. Tadeusz Piskor dow\u00f3dca Armii Lublin. Pomnik z piaskowca j\u00f3zefowskiego wyrze\u017abi\u0142 Adam Grochowicz z Siedlisk pod J\u00f3zefowem. Na cmentarzu spoczywa ok. 380 \u017co\u0142nierzy. P\u00f3\u017aniej poszli\u015bmy pod pomnik Tadeusza Ko\u015bciuszki gdzie wykonali\u015bmy wsp\u00f3lne zdj\u0119cie i poznali\u015bmy histori\u0119 kopca i pomnika. Nast\u0119pnie poszli\u015bmy na teren LO im. Bartosza G\u0142owackiego. Tutaj p. Janusz Brodowski opowiedzia\u0142 o planach zlokalizowania w jednym z budynk\u00f3w Muzeum Tomaszowskiego.<br \/>\nPan Wojciech Dziedzic opowiedzia\u0142 o losach tomaszowskiego Liceum. Kolejnym etapem naszej w\u0119dr\u00f3wki by\u0142 zrewitalizowany park im Burmistrza Krzy\u017canowskiego. Znajduj\u0105 si\u0119 tam: amfiteatr,fontanna, pomnik Sybirakom oraz r\u00f3\u017cne przyrz\u0105dy do rekreacji.<br \/>\nNa chwil\u0119 zatrzymali\u015bmy si\u0119 przy pomniku ku czci walcz\u0105cych i poleg\u0142ych na Ziemi Tomaszowskiej a kol. Krzysztof Malec &#8211; m\u0142ody przewodnik opowiedzia\u0142 kr\u00f3tk\u0105 histori\u0119 pomnika.<br \/>\nPan Jaros\u0142aw Antoszewski oprowadzi\u0142 nas po Izbie Pami\u0119ci \u201eSmocza Jama\u201d, w kt\u00f3rej s\u0105 eksponaty po\u015bwi\u0119cono ofiarom terroru komunistycznego.<\/p>\n<p style=\"text-align: justify;\">Zajrzeli\u015bmy do ko\u015bcio\u0142a parafialnego p.w. Naj\u015bwi\u0119tszego Serca Pana Jezusa. S\u0105 tam liczne epitafia po\u015bwiecone \u017co\u0142nierzom i partyzantom walcz\u0105cym podczas II wojny \u015bwiatowej na Ziemi Tomaszowskiej. Uwag\u0119 zwracaj\u0105 r\u00f3wnie\u017c elementy wyposa\u017cenia przeniesione z ko\u015bcio\u0142a \u015bw. Antoniego w Uhnowie (ob. na Ukrainie) &#8211; ambona w kszta\u0142cie \u0142odzi piotrowej oraz o\u0142tarzyk z obrazem MB.<\/p>\n<p style=\"text-align: justify;\">Nast\u0119pnie spacerowali\u015bmy ul. Lwowsk\u0105 w kierunku rynku. Na chwil\u0119 zatrzymali\u015bmy si\u0119 przy budynku najstarszej apteki w mie\u015bcie. Ciekawostk\u0105 jest to, \u017ce budynek ustawiony jest na palach d\u0119bowych, gdy\u017c t\u0119dy niegdy\u015b p\u0142yn\u0119\u0142a rzeczka i by\u0142o grz\u0119zawisko.<\/p>\n<p style=\"text-align: justify;\">Na rynku podoba\u0142a nam si\u0119 rze\u017aba dr Janusza Petera zas\u0142u\u017conego lekarza i regionalisty. Z ch\u0119ci\u0105 usiedli\u015bmy na \u0142aweczce obok. pana Doktora a kto potrzyma\u0142 s\u0142uchawk\u0119 lekarsk\u0105 b\u0119dzie przez lata zdrowiutki&#8230;<br \/>\nPospacerowali\u015bmy po tomaszowskim rynku &#8211; niestety nie ma ju\u017c jatek, wilki te\u017c si\u0119 nie pojawiaj\u0105 ale jest schludnie i ciekawie.<br \/>\nWeszli\u015bmy wreszcie do ciep\u0142ego obiektu, gdy\u017c do tej pory dokucza\u0142 nam jesienny mro\u017any wiaterek.<\/p>\n<p style=\"text-align: justify;\">W dolnym holu Miejskiej Biblioteki Publicznej powita\u0142 nas Dyrektor p. Tomasz Zieli\u0144ski, kt\u00f3ry opowiedzia\u0142 nam o pracy Biblioteki i Muzeum oraz zaprosi\u0142 do obejrzenia obiektu.<br \/>\nNa \u015bcianach znajduj\u0105 si\u0119 ciekawe historyczne zdj\u0119cia (pokolorowane) oraz portret patrona Biblioteki &#8211; Tomasza Zamoyskiego II Ordynata. W jednej\u00a0 z sal zapoznali\u015bmy si\u0119 ze zbiorami regionalnymi. Ciekawostk\u0105 jest tekst przywileju lokacji miasta Tomaszowa Ordynackiego umieszczony na filarach.<\/p>\n<p style=\"text-align: justify;\">W dalszej cz\u0119\u015bci wycieczki zatrzymali\u015bmy si\u0119 na chwil\u0119 przy cerkwi prawos\u0142awnej p.w. \u015bw. Miko\u0142aja Cudotw\u00f3rcy. Obiekt odzyskuje dawny blask &#8211; trwaj\u0105 prace remontowe. Spojrzeli\u015bmy na budynek dawnej czajni pami\u0119taj\u0105cej czasy zaboru rosyjskiego. Wg carskich urz\u0119dnik\u00f3w picie herbaty mia\u0142o zast\u0105pi\u0107 spo\u017cywanie alkoholu przez carskich oficer\u00f3w, szczeg\u00f3lnie w strefie nadgranicznej.<\/p>\n<p style=\"text-align: justify;\">Dalej trasa naszej wycieczki prowadzi\u0142a \u00a0ul. Ko\u015bcieln\u0105 obok Informacji Turystycznej do bardzo niegdy\u015b wa\u017cnego obiektu w mie\u015bcie &#8211; mianowicie pr\u0119gierza. By\u0107 mo\u017ce obiekt znajdowa\u0142 si\u0119 przy rynku albo zosta\u0142 od pocz\u0105tku ustawiony w tym miejscu przed ko\u015bcio\u0142em. Do pr\u0119gierza przykuwano z\u0142oczy\u0144c\u00f3w wykonuj\u0105c wyroki s\u0105du w\u00f3jtowskiego. Mo\u017cna by\u0142o takiego z\u0142oczy\u0144c\u0119 oplu\u0107 lub obrzuci\u0107 b\u0142otem. W Tomaszowie Ordynackim wykonywano te\u017c bardziej surowe wyroki\u00a0 tzn. uci\u0119cia g\u0142owy ale miasta nie by\u0142o sta\u0107 na etatowego kata wi\u0119c sprowadzano takiego z Be\u0142za. Obejrzeli\u015bmy figur\u0119 anio\u0142a w stroju trynitarskim.\u00a0W ko\u015bciele Zwiastowania NMP odbywa\u0142o si\u0119 nabo\u017ce\u0144stwo wi\u0119c nie wchodzili\u015bmy. Ten obiekt jest znany w szczeg\u00f3\u0142ach przewodnikom.<\/p>\n<p style=\"text-align: justify;\">Autokarem pojechali\u015bmy na obiad do Restauracji Staropolskiej. Tutaj podsumowali\u015bmy wycieczk\u0119 by\u0142y podzi\u0119kowania dla os\u00f3b, kt\u00f3re nam umili\u0142y pobyt w tym uroczym mie\u015bcie i przyrzeczenia pobytu \u00a0tutaj z grupami turystycznymi.<\/p>\n<p style=\"text-align: justify;\">Obiad by\u0142 i\u015bcie hetma\u0144sko-ordynacki. Wyobra\u017cali\u015bmy sobie, \u017ce by\u0142y smakowite potrawy: ros\u00f3\u0142 z kap\u0142ona i piecze\u0144, jak niegdy\u015b jada\u0142 Tomasz Zamoyski&#8230; Pani kelnerka wyja\u015bni\u0142a, \u017ce to kaczka z jab\u0142kami &#8230; pycha naprawd\u0119&#8230; spr\u00f3bujcie kiedy\u015b sami&#8230;<\/p>\n<p style=\"text-align: justify;\">Na zako\u0144czenie jeszcze raz serdecznie dzi\u0119kujemy za bardzo owocny pobyt i go\u015bcin\u0119 Burmistrzowi Tomaszowa Lubelskiego p. Wojciechowi \u017bukowskiemu, Sekretarzowi Miasta p. Januszowi Brodowskiemu, Pracownikowi d\/s Promocji p. Jaros\u0142awowi Antoszewskiemu.<\/p>\n<p style=\"text-align: justify;\">Szczeg\u00f3lnie gor\u0105ce podzi\u0119kowania kierujemy do Pana Wojciecha Dziedzica za ciekawe opowie\u015bci, kt\u00f3re b\u0119d\u0105 pomocne w naszej pracy przewodnickiej.<\/p>\n<p>Do spotkania w uroczym i go\u015bcinnym Tomaszowie Lubelskim.<\/p>\n<p>Przewodnicy turystyczni z Oddzia\u0142u PTTK w Zamo\u015bciu.<\/p>\n<p><em>Wspomnienia spisa\u0142 Edward S\u0142oniewski.<\/em><\/p>\n<p><a href=\"http:\/\/www.tomaszow-lubelski.pl\/?id=106&amp;zoom=770\">Informacja na stronie Tomaszowa Lubelskiego&gt;&gt;&gt;<\/a><\/p>\n<p><a href=\"http:\/\/mbp.tomaszow-lubelski.com.pl\/index.php?id=107,106&amp;zoom=3402\">Informacja na stronie Miejskiej Biblioteki Publicznej w Tomaszowie Lubelskim<\/a><\/p>\n","protected":false},"excerpt":{"rendered":"<p>Wycieczka studyjna do Tomaszowa Lubelskiego &#8211; wspomnienia [huge_it_slider id=&#8221;49&#8243;] &nbsp; &nbsp; &nbsp; &nbsp; &nbsp; &nbsp; &nbsp; &nbsp; &nbsp; &nbsp; &nbsp; &nbsp; &nbsp; &nbsp; &nbsp; &nbsp; &nbsp; &nbsp; &nbsp; &nbsp; &nbsp; &nbsp; Na zaproszenie W\u0142adz Tomaszowa Lubelskiego w dniu 10 pa\u017adziernika &hellip; <a class=\"more-link\" href=\"https:\/\/zamosc.pttk.pl\/wordpress\/?page_id=6695\">Czytaj dalej <span class=\"meta-nav\">&rarr;<\/span><\/a><\/p>\n","protected":false},"author":1,"featured_media":0,"parent":0,"menu_order":0,"comment_status":"closed","ping_status":"closed","template":"","meta":{"footnotes":""},"class_list":["post-6695","page","type-page","status-publish","hentry"],"_links":{"self":[{"href":"https:\/\/zamosc.pttk.pl\/wordpress\/index.php?rest_route=\/wp\/v2\/pages\/6695","targetHints":{"allow":["GET"]}}],"collection":[{"href":"https:\/\/zamosc.pttk.pl\/wordpress\/index.php?rest_route=\/wp\/v2\/pages"}],"about":[{"href":"https:\/\/zamosc.pttk.pl\/wordpress\/index.php?rest_route=\/wp\/v2\/types\/page"}],"author":[{"embeddable":true,"href":"https:\/\/zamosc.pttk.pl\/wordpress\/index.php?rest_route=\/wp\/v2\/users\/1"}],"replies":[{"embeddable":true,"href":"https:\/\/zamosc.pttk.pl\/wordpress\/index.php?rest_route=%2Fwp%2Fv2%2Fcomments&post=6695"}],"version-history":[{"count":17,"href":"https:\/\/zamosc.pttk.pl\/wordpress\/index.php?rest_route=\/wp\/v2\/pages\/6695\/revisions"}],"predecessor-version":[{"id":6782,"href":"https:\/\/zamosc.pttk.pl\/wordpress\/index.php?rest_route=\/wp\/v2\/pages\/6695\/revisions\/6782"}],"wp:attachment":[{"href":"https:\/\/zamosc.pttk.pl\/wordpress\/index.php?rest_route=%2Fwp%2Fv2%2Fmedia&parent=6695"}],"curies":[{"name":"wp","href":"https:\/\/api.w.org\/{rel}","templated":true}]}}