{"id":18589,"date":"2022-06-20T19:15:40","date_gmt":"2022-06-20T17:15:40","guid":{"rendered":"http:\/\/zamosc.pttk.pl\/wordpress\/?page_id=18589"},"modified":"2022-06-20T19:26:37","modified_gmt":"2022-06-20T17:26:37","slug":"65-rajd-nocny-im-wl-podobinskiej","status":"publish","type":"page","link":"https:\/\/zamosc.pttk.pl\/wordpress\/?page_id=18589","title":{"rendered":"65 Rajd Nocny im. W\u0142. Podobi\u0144skiej"},"content":{"rendered":"\n<p>Wspomnienia z 65 Rajdu Nocnego im. W\u0142adys\u0142awy Podobi\u0144skiej<\/p>\n\n\n\n<p>18\/19 czerwca 2022 r.<\/p>\n\n\n\n<p>S\u0142oneczko ju\u017c si\u0119 chowa\u0142o za wzg\u00f3rzami Roztocza Zachodniego a na parkingu MOR (miejsca obs\u0142ugi Rowerzyst\u00f3w) na skraju Bagna, Wyw\u0142oczki i Turzy\u0144ca zrobi\u0142o si\u0119 kolorowo i gwarno. M\u0142odzi tury\u015bci ze szk\u00f3\u0142 SP Nr 7 w Zamo\u015bciu, SP w Nieliszu i SP w Z\u0142ojcu przyjechali dwoma autokarami. Pojawili si\u0119 r\u00f3wnie\u017c tury\u015bci indywidualni &#8211; ca\u0142e rodzinki nawet z daleka, bo z okolic Rzeszowa, z Krasnegostawu oraz <br \/>z Zamojszczyzny. Naliczyli\u015bmy 118 os\u00f3b. Nad nami kr\u0105\u017cy\u0142a motolotnia. Nad uczestnikami czuwali przewodnicy i przodownicy turystyki pieszej z Oddzia\u0142u PTTK w Zamo\u015bciu. Przyby\u0142ych przywita\u0142 kol. Andrzej a kol. Edward opowiedzia\u0142 o trasie i ciekawostkach, kt\u00f3rzy nast\u0119pnie poprowadzili turyst\u00f3w. Ponadto rajdowiczami opiekowali si\u0119 zamojscy m\u0142odzi przewodnicy PTTK Pawe\u0142, Monika, Dorota, Darek. Ok. 21-ej wyruszyli\u015bmy na nocn\u0105 w\u0119dr\u00f3wk\u0119. &nbsp;By\u0142o cieplutko i \u017cadne owady nam nie dokucza\u0142y. <br \/>Do wzg. D\u0105browa w\u0119drowali\u015bmy szlakiem czarnym \u0142\u0105cznikowym po terenie gminy Zwierzyniec, przez Szczebrzeszy\u0144ski Park Krajobrazowy. Po przej\u015bciu kilkaset metr\u00f3w zag\u0142\u0119bili\u015bmy si\u0119 w w\u0105w\u00f3z. Tam by\u0142o ju\u017c ciemno i za\u015bwieci\u0142y nasze latarki. W\u0105w\u00f3z w Turzynieckich Do\u0142ach robi\u0142 niesamowite wra\u017cenie tym bardziej, \u017ce ju\u017c w\u0119drowali\u015bmy przez Piekie\u0142ko Szczebrzeszy\u0144skie. W\u0119drowali\u015bmy, w\u0119drowali\u015bmy ca\u0142y czas pod g\u00f3r\u0119&#8230;<br \/>Zrobi\u0142o ju\u017c si\u0119 ciemno, tylko na niebie l\u015bni\u0142y gwiazdki i gwiazdeczki, ksi\u0119\u017cyc jeszcze si\u0119 nie pokaza\u0142.<br \/>Wi\u0119kszo\u015b\u0107 ka\u0142u\u017c ju\u017c wysch\u0142o przez sobot\u0119. Zapowiada\u0142a si\u0119 trudna w\u0119dr\u00f3wka. Otacza\u0142a nas tajemnicza puszcza. Chwil\u0119 odpocz\u0119li\u015bmy na rozstajnych drogach przy ambonie my\u015bliwskiej. Chocia\u017c musieli\u015bmy omija\u0107 ka\u0142u\u017ce. Nikt jako\u015b nie wpad\u0142 do ka\u0142u\u017cy. Wreszcie doszli\u015bmy w okolic\u0119 najwy\u017cszego wzg\u00f3rza Roztocza Zachodniego D\u0105browy (344 m n.p.m.). Na wzg\u00f3rzu stoi ambona my\u015bliwska i ro\u015bnie \u0142ubin. Wr\u00f3cili\u015bmy kilkadziesi\u0105t, niekt\u00f3rzy my\u015bleli, \u017ce zab\u0142\u0105dzili\u015bmy. Poszli\u015bmy w d\u00f3\u0142 do Lisich Jam.<br \/>Tutaj by\u0142 d\u0142u\u017cszy odpoczynek. Andrzej i Edward opowiedzieli o tym historycznym miejscu. Tutaj w okresie okupacji by\u0142y ziemianki dla partyzant\u00f3w AK \u201ePodkowy\u201d, radiostacja partyzancka mia\u0142a \u0142\u0105czno\u015b\u0107 <br \/>z Londynem. Po odpoczynku wyruszyli\u015bmy w drog\u0119 powrotn\u0105, znowu trzeba by\u0142o si\u0119 wspina\u0107. Chocia\u017c szli\u015bmy t\u0105 sam\u0105 drog\u0119, ale wszystko by\u0142o inaczej. Koledzy korzystali z nawigacji, aby skr\u0119ci\u0107 <br \/>w odpowiedni\u0105 drog\u0119. Z g\u00f3ry o wiele lepiej si\u0119 sz\u0142o. P\u00f3\u017aniej skr\u0119cili\u015bmy w drog\u0119 nieco na p\u00f3\u0142noc. Za chwil\u0119 zobaczyli\u015bmy rz\u0119si\u015bcie o\u015bwietlone Zak\u0142ady T\u0142uszczowe w Bodaczowe i nieliczne \u015bwiate\u0142ka w Szczebrzeszynie. Znowu weszli\u015bmy w kolejny w\u0105w\u00f3z niezwykle malowniczy i tajemniczy. Wszyscy podziwiali pionowe \u015bciany. Po wyj\u015bciu z w\u0105wozu weszli\u015bmy na drog\u0119 zagumienn\u0105 w Turzy\u0144cu. Po drodze min\u0119li\u015bmy po lewej stronie straszny strach, kt\u00f3ry by\u0142 na znaczku rajdowym. Ju\u017c by\u0142a niedziela 19 czerwca. Kiedy dochodzili\u015bmy na met\u0119 Rajdu ju\u017c p\u0142on\u0119\u0142o ognisko rajdowe przygotowane przez kol. Mariana, przodownika turystyki pieszej.<br \/>Teraz wreszcie mogli\u015bmy odpocz\u0105\u0107 po w\u0119dr\u00f3wce nieco trudnej. By\u0142o pieczenie kie\u0142basek i potwierdzanie w ksi\u0105\u017ceczkach OTP przebytej trasy rajdowej. Ju\u017c zgas\u0142y \u015bwiat\u0142a uliczne, ale mieli\u015bmy reflektory solarne. Niekt\u00f3rzy drzemali na \u015bwie\u017co skoszonej trawie, a ch\u0119tni brali udzia\u0142 w konkursach skakanki <br \/>i krajoznawczym. Na niebie pojawi\u0142 si\u0119 ksi\u0119\u017cyc i sta\u0142o sie weselej. Nieco si\u0119 och\u0142odzi\u0142o, ch\u0142\u00f3d szed\u0142 od pobliskiego Wieprza. Tutaj jest przysta\u0144 kajakowa. Ciekawscy ogl\u0105dali rzek\u0119, wody by\u0142o niewiele.<br \/>Ok. godziny drugiej uczestnicy wsiedli do autokar\u00f3w. Telefony budzi\u0142y rodzic\u00f3w, za kilkana\u015bcie minut b\u0119dziemy w Zamo\u015bciu czy Nieliszu i Z\u0142ojcu. Zadowoleni tury\u015bci powracali do swoich dom\u00f3w. By\u0142 to jeden <br \/>z najbardziej udanych rajd\u00f3w w historii 65 lat. Kto\u015b powiedzia\u0142, \u017ce mo\u017ce kapelusz Edwarda rozp\u0119dzi\u0142 chmury. Jeszcze w pi\u0105tek przed rajdem ca\u0142\u0105 noc la\u0142o.<\/p>\n\n\n\n<p>Podzi\u0119kowania:<br \/>dla&nbsp; Opiekun\u00f3w grup m\u0142odzie\u017cy, rodzin, kt\u00f3re przyby\u0142a z daleka i bliska.<br \/>Szczeg\u00f3lnie pozdrowienia dla Kadry Oddzia\u0142u PTTK za organizacj\u0119 Rajdu Nocnego.<\/p>\n\n\n\n<p>Dzi\u0119kujemy\u00a0 Panom kierowcom z firmy Pana Krzysztofa Borka.<br \/>Do spotkania na Rajdzie \u201eMi\u0142o\u015bnik\u00f3w Roztocza\u201d we wrze\u015bniu b.r.<\/p>\n\n\n<p>[huge_it_slider id=&#8221;282                                        &#8222;]<\/p>\n\n\n\n<p><\/p>\n","protected":false},"excerpt":{"rendered":"<p>Wspomnienia z 65 Rajdu Nocnego im. W\u0142adys\u0142awy Podobi\u0144skiej 18\/19 czerwca 2022 r. S\u0142oneczko ju\u017c si\u0119 chowa\u0142o za wzg\u00f3rzami Roztocza Zachodniego a na parkingu MOR (miejsca obs\u0142ugi Rowerzyst\u00f3w) na skraju Bagna, Wyw\u0142oczki i Turzy\u0144ca zrobi\u0142o si\u0119 kolorowo i gwarno. M\u0142odzi tury\u015bci &hellip; <a class=\"more-link\" href=\"https:\/\/zamosc.pttk.pl\/wordpress\/?page_id=18589\">Czytaj dalej <span class=\"meta-nav\">&rarr;<\/span><\/a><\/p>\n","protected":false},"author":1,"featured_media":0,"parent":0,"menu_order":0,"comment_status":"closed","ping_status":"closed","template":"","meta":{"footnotes":""},"class_list":["post-18589","page","type-page","status-publish","hentry"],"_links":{"self":[{"href":"https:\/\/zamosc.pttk.pl\/wordpress\/index.php?rest_route=\/wp\/v2\/pages\/18589","targetHints":{"allow":["GET"]}}],"collection":[{"href":"https:\/\/zamosc.pttk.pl\/wordpress\/index.php?rest_route=\/wp\/v2\/pages"}],"about":[{"href":"https:\/\/zamosc.pttk.pl\/wordpress\/index.php?rest_route=\/wp\/v2\/types\/page"}],"author":[{"embeddable":true,"href":"https:\/\/zamosc.pttk.pl\/wordpress\/index.php?rest_route=\/wp\/v2\/users\/1"}],"replies":[{"embeddable":true,"href":"https:\/\/zamosc.pttk.pl\/wordpress\/index.php?rest_route=%2Fwp%2Fv2%2Fcomments&post=18589"}],"version-history":[{"count":2,"href":"https:\/\/zamosc.pttk.pl\/wordpress\/index.php?rest_route=\/wp\/v2\/pages\/18589\/revisions"}],"predecessor-version":[{"id":18618,"href":"https:\/\/zamosc.pttk.pl\/wordpress\/index.php?rest_route=\/wp\/v2\/pages\/18589\/revisions\/18618"}],"wp:attachment":[{"href":"https:\/\/zamosc.pttk.pl\/wordpress\/index.php?rest_route=%2Fwp%2Fv2%2Fmedia&parent=18589"}],"curies":[{"name":"wp","href":"https:\/\/api.w.org\/{rel}","templated":true}]}}