{"id":18268,"date":"2022-03-06T12:21:08","date_gmt":"2022-03-06T11:21:08","guid":{"rendered":"http:\/\/zamosc.pttk.pl\/wordpress\/?page_id=18268"},"modified":"2022-03-06T17:26:23","modified_gmt":"2022-03-06T16:26:23","slug":"48-rajd-zimowy-wzgorzami-roztocza","status":"publish","type":"page","link":"https:\/\/zamosc.pttk.pl\/wordpress\/?page_id=18268","title":{"rendered":"48 Rajd Zimowy &#8222;Wzg\u00f3rzami Roztocza&#8221;"},"content":{"rendered":"\n<p>Wspomnienia z Rajdu<\/p>\n\n\n\n<p class=\"has-text-align-left\">W sobot\u0119 5 marca 2022 r. \u00a0jak zwykle na naszych rajdach by\u0142a wspania\u0142a pogoda. Chocia\u017c s\u0142oneczko ukry\u0142o si\u0119 za chmurami wszystkich dopisywa\u0142 humor. Wida\u0107 to na zdj\u0119ciach. Od czasu do czasu pr\u00f3szy\u0142 \u015bnie\u017cek, wiatr nie dokucza\u0142.<br \/>Na parkingu przy ko\u015bciele w G\u00f3recku Ko\u015bcielnym spotka\u0142a si\u0119 spora grupka mi\u0142o\u015bnik\u00f3w w\u0119dr\u00f3wek po Roztoczu. Czekali\u015bmy cierpliwie na autokar, kt\u00f3ry przywi\u00f3z\u0142 m\u0142odzie\u017c i doros\u0142ych z Zamo\u015bcia i Szczebrzeszyna.<br \/>Po gwizdku Andrzej przywita\u0142 uczestnik\u00f3w, opowiedzia\u0142 legend\u0119 o zjawieniu si\u0119 tutaj \u015bw. Stanis\u0142awa BM w 1648 r. i historii \u015bwi\u0105tyni. Edward powiedzia\u0142 kilka s\u0142\u00f3w o trasie rajdu. Le\u015bnymi \u015bcie\u017ckami poszli\u015bmy na tras\u0119.\u00a0 Na ko\u0144cu pilnowali, aby si\u0119 nikt nie zgubi\u0142: Joasia, Pawe\u0142 i Andrzej.<br \/>Doszli\u015bmy do tamy na Szumie, Edward opowiedzia\u0142 o historii zalewu i tamy na Szumie i przygodzie proboszcza ze Zwierzy\u0144ca wracaj\u0105cego z odpustu bryczk\u0105 do Zwierzy\u0144ca. Zobaczyli\u015bmy, \u017ce elektrownia pracuje, woda wyp\u0142ywa\u0142a z budowli. Spojrzeli\u015bmy na pi\u0119kny zalew, cz\u0119\u015bciowo jeszcze zamarzni\u0119ty.\u00a0 Weszli\u015bmy do niezwykle malowniczego Rezerwatu Szum. Andrzej opowiedzia\u0142 o \u015brodowisku przyrodniczym, co to s\u0105 \u0142\u0119gi, olsy i bory. Darek powiedzia\u0142 o borze \u015bwie\u017cym.<br \/>Dalej w\u0119drowali\u015bmy w\u015br\u00f3d wykrot\u00f3w starych jode\u0142, wida\u0107 te\u017c by\u0142o po\u0142amane jod\u0142y podziobane przez dzi\u0119cio\u0142y. \u00a0<br \/>W pewnym momencie przygl\u0105da\u0142a si\u0119 nam kuna le\u015bna, ale schowa\u0142a si\u0119 szybko. Niesamowite widoki zrobi\u0142y na uczestnikach ogromne wra\u017cenie. Wiele os\u00f3b by\u0142o tutaj pierwszy raz. Przy \u015bcie\u017cce ustawione s\u0105 tablice informacyjne o \u015brodowisku przyrodniczym wykonane przez Nadle\u015bnictwo Zwierzyniec. Po prawej w g\u0142\u0119bokiej dolinie p\u0142ynie Szum tworz\u0105c malownicze wodospady i meandry. S\u0142ycha\u0107 szum wody, gdy\u017c na tym odcinku rzeka p\u0142ynie bardzo szybko jak g\u00f3rski potok. Przy uj\u015bciu \u015awirka do Szumu pojawia si\u0119 piana, czasami jest bia\u0142a czasami br\u0105zowa.<br \/>Niegdy\u015b s\u0105dzono, \u017ce to jest piana, poniewa\u017c \u201ebaby\u201d z Brzezin pra\u0142y w rzece bielizn\u0119. Teraz nikt nie pierze, piana i tak pojawia si\u0119. Mo\u017ce jest to wynikiem napowietrzenia wody w rzeczce, mo\u017ce po deszczu sp\u0142ywaj\u0105 ig\u0142y i li\u015bcie drzew. Niekt\u00f3rzy twierdz\u0105, \u017ce to s\u0105 jakie\u015b tajemnicze \u017cyj\u0105tka&#8230; Woda nie jest truj\u0105ca.<br \/>Przeszli\u015bmy przez mostek na Szumie i po wyj\u015bciu z doliny Szumu i rezerwatu by\u0142 d\u0142u\u017cszy odpoczynek. Jest tam st\u00f3\u0142 i par\u0119 \u0142aweczek. Andrzej og\u0142osi\u0142 konkurs, kto zna\u0142 nazwy dzikich zwierz\u0105t \u017cyj\u0105cych na Roztoczu. Jak nazywa si\u0119 m\u0105\u017c lub \u017cona sarny, jelenia, dzika, \u0142osia i rysia. Nie wszyscy znali, wi\u0119c z uwag\u0105 m\u0142odzie\u017c s\u0142ucha\u0142a.<br \/>Po odpoczynku ruszyli\u015bmy w drog\u0119 powrotn\u0105 czerwonym szlakiem &#8211; kraw\u0119dziowym po lewem w oddali majaczy\u0142a Brzezi\u0144ska G\u00f3ra.\u00a0 Towarzyszy\u0142 nam widok na zalew, cz\u0119\u015bciowo zamarzni\u0119ty, wszak jest jeszcze zima a tutaj o tej porze roku nie docieraj\u0105 promienie s\u0142oneczka.<br \/>Jeszcze raz przeszli\u015bmy przez tam\u0119, nasza trasa by\u0142a w kszta\u0142cie \u00f3semki. <br \/>Przeszli\u015bmy przez szos\u0119 i doszli\u015bmy do w\u0119z\u0142a szlak\u00f3w. Tutaj spotykaj\u0105 si\u0119 szlaki: czerwony &#8211; kraw\u0119dziowy Zwierzyniec -Susiec, szlak niebieski &#8211; puszcza\u0144ski z G\u00f3recka Ko\u015bcielnego do Bi\u0142goraja, zielony z Florianki do Zwierzy\u0144ca im. W\u0142adys\u0142awy Podobi\u0144skiej. Edward opowiedzia\u0142 o drodze ko\u015bcielnej z Tereszpola i jak niegdy\u015b w bajorach na drodze kobiety topi\u0142y tygodniowe grzechy.<br \/>Doszli\u015bmy do \u017ar\u00f3de\u0142ka Bo\u017ca \u0141ezka, ale nikt nie chcia\u0142 pi\u0107 wody, bo ma zapach siarki. Kiedy\u015b m\u00f3wiono, \u017ce to miejsce jest nieczyste zwi\u0105zane z piekieln\u0105 siark\u0105. Przeszli\u015bmy przez Szum zwany niegdy\u015b B\u017adzin\u0105 ze wzgl\u0119du na zapach wody.\u00a0 Podziwiali\u015bmy wspania\u0142e g\u00f3reckie d\u0119by i zrobili\u015bmy wsp\u00f3lne zdj\u0119cie. P\u00f3\u017aniej doszli\u015bmy do Karczmy i na ognisku piekli\u015bmy kie\u0142baski. Cz\u0119\u015b\u0107 os\u00f3b posz\u0142o do Karczmy na frytki, \u017curek i kaw\u0119. Ok. 13.30 po\u017cegnali\u015bmy si\u0119 i pojechali\u015bmy do swoich domk\u00f3w pe\u0142ni wra\u017ce\u0144 i \u015bwie\u017cego powietrza.<br \/>Tak zako\u0144czy\u0142 si\u0119 48 Rajd Zimowy \u201eWzg\u00f3rzami Roztocza\u201d.<br \/>Dzi\u0119kujemy za udzia\u0142 i kadrze PTTK w Zamo\u015bciu za opiek\u0119 nad rajdowiczami.<br \/>Do spotkania na wiosn\u0119 na Rajdzie \u201eSpotkanie z Wiosn\u0105\u201d<\/p>\n\n\n\n<p><\/p>\n\n\n\n<p>Galeria Edwarda<\/p>\n\n\n<p>[huge_it_slider id=&#8221;93                                        &#8222;]<\/p>\n\n\n\n<p><\/p>\n\n\n<p>[huge_it_slider id=&#8221;274                                        &#8222;]<\/p>\n\n\n\n<p><\/p>\n\n\n\n<p>Galeria Darka<\/p>\n\n\n<p>[huge_it_slider id=&#8221;275                                        &#8222;]<\/p>\n","protected":false},"excerpt":{"rendered":"<p>Wspomnienia z Rajdu W sobot\u0119 5 marca 2022 r. \u00a0jak zwykle na naszych rajdach by\u0142a wspania\u0142a pogoda. Chocia\u017c s\u0142oneczko ukry\u0142o si\u0119 za chmurami wszystkich dopisywa\u0142 humor. Wida\u0107 to na zdj\u0119ciach. Od czasu do czasu pr\u00f3szy\u0142 \u015bnie\u017cek, wiatr nie dokucza\u0142.Na parkingu &hellip; <a class=\"more-link\" href=\"https:\/\/zamosc.pttk.pl\/wordpress\/?page_id=18268\">Czytaj dalej <span class=\"meta-nav\">&rarr;<\/span><\/a><\/p>\n","protected":false},"author":1,"featured_media":0,"parent":0,"menu_order":0,"comment_status":"closed","ping_status":"closed","template":"","meta":{"footnotes":""},"class_list":["post-18268","page","type-page","status-publish","hentry"],"_links":{"self":[{"href":"https:\/\/zamosc.pttk.pl\/wordpress\/index.php?rest_route=\/wp\/v2\/pages\/18268","targetHints":{"allow":["GET"]}}],"collection":[{"href":"https:\/\/zamosc.pttk.pl\/wordpress\/index.php?rest_route=\/wp\/v2\/pages"}],"about":[{"href":"https:\/\/zamosc.pttk.pl\/wordpress\/index.php?rest_route=\/wp\/v2\/types\/page"}],"author":[{"embeddable":true,"href":"https:\/\/zamosc.pttk.pl\/wordpress\/index.php?rest_route=\/wp\/v2\/users\/1"}],"replies":[{"embeddable":true,"href":"https:\/\/zamosc.pttk.pl\/wordpress\/index.php?rest_route=%2Fwp%2Fv2%2Fcomments&post=18268"}],"version-history":[{"count":7,"href":"https:\/\/zamosc.pttk.pl\/wordpress\/index.php?rest_route=\/wp\/v2\/pages\/18268\/revisions"}],"predecessor-version":[{"id":18333,"href":"https:\/\/zamosc.pttk.pl\/wordpress\/index.php?rest_route=\/wp\/v2\/pages\/18268\/revisions\/18333"}],"wp:attachment":[{"href":"https:\/\/zamosc.pttk.pl\/wordpress\/index.php?rest_route=%2Fwp%2Fv2%2Fmedia&parent=18268"}],"curies":[{"name":"wp","href":"https:\/\/api.w.org\/{rel}","templated":true}]}}