{"id":18179,"date":"2022-02-20T12:51:44","date_gmt":"2022-02-20T11:51:44","guid":{"rendered":"http:\/\/zamosc.pttk.pl\/wordpress\/?page_id=18179"},"modified":"2022-02-20T13:31:26","modified_gmt":"2022-02-20T12:31:26","slug":"wycieczka-nad-niepryszka-w-dniu-19-lutego-2022-r","status":"publish","type":"page","link":"https:\/\/zamosc.pttk.pl\/wordpress\/?page_id=18179","title":{"rendered":"Wycieczka &#8222;Nad Niepryszk\u0105&#8221; w dniu 19 lutego 2022 r."},"content":{"rendered":"<p>Wspomnienia<\/p>\n<p>Wspomnienia z wycieczki \u201eNad Niepryszk\u0105\u201d 19 lutego 2022 roku<\/p>\n<p>Tu\u017c po 9 rano zacz\u0119\u0142y przyje\u017cd\u017ca\u0107 samochodziki na parking przy zalewie w J\u00f3zefowie. Zobaczy\u0142em rejestracje zamojskie, lubaczowskie z Krasnegostawu, pow. bi\u0142gorajskiego i tomaszowskiego.<\/p>\n<p>Naliczyli\u015bmy 50 uczestnik\u00f3w i jednego du\u017cego, pi\u0119knego psa&#8230;<\/p>\n<p>Punktualnie o godz. 9.30 pod sosn\u0105 przywitali\u015bmy w\u0119drowc\u00f3w. Kol. Andrzej Dziaduszek -prezes Klubu Tur.-Krajoznawczego im Micha\u0142a Pieszki przy Oddziale PTTK w Zamo\u015bciu serdecznie powita\u0142 starszych i m\u0142odszych, a kol Edward S\u0142oniewski &#8211; prezes ZO PTTK w Zamo\u015bciu powiedzia\u0142 kilka s\u0142\u00f3w o trasie wycieczki. W\u015br\u00f3d organizator\u00f3w by\u0142 te\u017c kol. Darek S\u0142upski &#8211; przewodnik PTTK z J\u00f3zefowa, le\u015bnik.<\/p>\n<p>Po 2-krotnym gwizdku Andrzeja ruszyli\u015bmy na tras\u0119. \u00a0Doszli\u015bmy do pomnika ku czci j\u00f3zefowskich \u017byd\u00f3w zamordowanych na Winiarczykowej G\u00f3rze w dni u 13 lipca 1942 r. Pomnik wykona\u0142 \u00a0Jan Pastuszek z j\u00f3zefowskiego kamienia a fundatorami byli policjanci z Hamburga. Ich przodkowie dokonali tego mordu. Ku czci poleg\u0142ych Oliwer (Oli) najm\u0142odszy uczestnik wycieczki po\u0142o\u017cy\u0142 symboliczny kamyczek.<\/p>\n<p>Udali\u015bmy si\u0119 w dalsz\u0105 drog\u0119 podziwiaj\u0105c przepi\u0119kne meandry Niepryszki opuszczaj\u0105cej Roztocze. Szli\u015bmy wysok\u0105 wydm\u0105. Na terenie Puszczy Solskiej jest niezliczona ilo\u015b\u0107 takich malowniczych wydm.<\/p>\n<p>Kiedy doszli\u015bmy w okolic\u0119 dawnego m\u0142yna Kraczka kol. Darek zaprosi\u0142 w dolin\u0119, aby zobaczy\u0107 bobrowe mieszkanie na rzece. Niestety bobry pochowa\u0142y si\u0119&#8230;<\/p>\n<p>P\u00f3\u017aniej le\u015bnymi duktami i szlakiem kraw\u0119dziowym doszli\u015bmy do miejsca historycznego nad rzek\u0105. Wszystkim podoba\u0142a si\u0119 przeprawa przez mostek bez por\u0119czy. Mostek wydawa\u0142 si\u0119 solidny, ale przewodnicy prosili, aby przechodzi\u0107 pojedynczo. Doszli\u015bmy do wysokiego krzy\u017ca drewnianego. Jest na nim tabliczka o miejscu \u015bmierci ostatniego poety romantyzmu Mieczys\u0142awie Romanowskim.<\/p>\n<p>Krzy\u017c ufundowa\u0142a wnuczka prof. Tatarkiewicza, potomka brata Mieczys\u0142awa Romanowskiego. \u00a0Poeta poleg\u0142 w dniu 24 kwietnia 1863 r. w czasie bitwy z Moskalami. Kol. Darek odczyta\u0142 fragment wydawnictwa z 1934 \u201eOstatni Rapsod\u201d Tadeusza Gryfa-Kleszczy\u0144skiego i fragment wiersza po\u017cegnalnego &#8211; ostatniego wiersza napisanego przez poet\u0119 przed wyruszeniem na b\u00f3j:<\/p>\n<p>\u201eAnio\u0142eczku dziewcz\u0119 moje<br \/>\nNa rozstanie r\u0105czk\u0119 daj &#8211;<br \/>\nGraj\u0105 \u00a0tr\u0105bki, czas na boje &#8211;<br \/>\nZa rodzinny kraj!<br \/>\nPodaj r\u0105czk\u0119, na mem czole<br \/>\n\u015awi\u0119ty znak mi krzy\u017ca zr\u00f3b.<br \/>\nLiczne ptactwo lecim w pole &#8211;<br \/>\nIlu\u017c wr\u00f3ci z burz?<br \/>\nM\u00f3dl si\u0119 za nas, lilio bia\u0142a!<br \/>\nBogu pole\u0107 serca \u017cal,<br \/>\nTy\u015b powsta\u0144ca pokocha\u0142a<br \/>\nPob\u0142ogos\u0142aw stal!\u201d<\/p>\n<p>Znicz postawi\u0142 ma\u0142y Oliwer. P\u00f3\u017aniej pokonali\u015bmy trz\u0119sawiska i po stromej skarpie wyszli\u015bmy z doliny Niepryszki. Przy szosie jest okaza\u0142y pomnik ku czci powsta\u0144c\u00f3w styczniowych poleg\u0142ych pod J\u00f3zefowem. Pomnik ten wyrze\u017abi\u0142 Adam Grochowicz i Siedlisk k\/J\u00f3zefowa, dzisiaj ju\u017c nie\u017cyj\u0105cy.<\/p>\n<p>P\u00f3\u017aniej rozpocz\u0119li\u015bmy w\u0119dr\u00f3wk\u0119 szlakiem zielonym Ziemi J\u00f3zefowskiej. Szlak prowadzi le\u015bnymi ost\u0119pami przez miejsca pami\u0119ci narodowej. Jedyn\u0105 miejscowo\u015bci\u0105 na trasie s\u0105 Osuchy, a reszta to piachy i mokrad\u0142a Puszczy Solskiej.<\/p>\n<p>Doszli\u015bmy do g\u0142azu pami\u0105tkowego. W tym miejscu partyzanci z J\u00f3zefowa mieli zbi\u00f3rki na akcje przeciwko Niemcom. To miejsce mia\u0142o kryptonim \u201eJedynka\u201d. P\u00f3\u017aniej opu\u015bcili\u015bmy szlak i wracali\u015bmy le\u015bnymi drogami. Czasami towarzyszy\u0142 nam szlak NW kol. czerwonego. W okolicy s\u0105 ostoje zwierzyny.<\/p>\n<p>Podziwiali\u015bmy uginaj\u0105ce si\u0119 wierzcho\u0142ki sosen, czasami wia\u0142 nawet silny wiatr. \u00a0Kol Darek pokazywa\u0142 nam porosty: chrobotka reniferowego i chrobotka kubkowego. Kol. Edward opowiedzia\u0142 o pospolitej ro\u015blinie -pszeniec zwyczajny, kt\u00f3ra zakwita \u017c\u00f3\u0142to po zbiorze jag\u00f3d. \u00a0Niegdy\u015b czarownice u\u017cywa\u0142y nasion tej ro\u015bliny do sporz\u0105dzania trucizn. Po wyj\u015bciu z lasu poboczem drogi prowadz\u0105cej do Osuch poszli\u015bmy do samochod\u00f3w. Zabrali\u015bmy kie\u0142baski oraz inne jad\u0142o i poszli\u015bmy na ognisko. Miejsce ogniskowe udost\u0119pni\u0142 nam pan Wiceburmistrz J\u00f3zefowa &#8211; serdecznie dzi\u0119kujemy. Drewno na ognisko przywi\u00f3z\u0142 kol. Darek te\u017c serdecznie dzi\u0119kujemy.<\/p>\n<p>Po wiat\u0105 spo\u017cywali\u015bmy smako\u0142yki rajdowe. \u00a0Tylko czasami od zalewu dmucha\u0142 wiatr i przywiewa\u0142 piasek z pla\u017cy. Tak zbli\u017cy\u0142a si\u0119 godz. 14 -ta. Po\u017cegnali\u015bmy si\u0119 i po 4 godzinach wsp\u00f3lnej w\u0119dr\u00f3wki i pokonaniu 9 km rozjechali\u015bmy si\u0119 do dom\u00f3w. \u00a0Rajd odby\u0142 si\u0119 te\u017c z okazji Mi\u0119dzynarodowego Dnia Przewodnika Turystycznego.<br \/>\nDzi\u0119kujemy przewodnikom zamojskim PTTK za opiek\u0119 nad w\u0119drowcami: Andrzejowi, Darkowi i Edwardowi. Wszystkim uczestnikom te\u017c serdecznie dzi\u0119kujemy za wsp\u00f3ln\u0105 w\u0119dr\u00f3wk\u0119.<br \/>\nNikt nie marudzi\u0142, tylko by\u0142y pytania, kiedy b\u0119dzie taki drugi rajd.<br \/>\nNied\u0142ugo, bo zimowy w G\u00f3recku Ko\u015bcielnym w dniu 5 marca br. &#8211; zapraszamy.<\/p>\n<hr \/>\n<p>[huge_it_slider id=&#8221;272 &#8222;]<\/p>\n<hr \/>\n<p>[huge_it_slider id=&#8221;273 &#8222;]<\/p>\n","protected":false},"excerpt":{"rendered":"<p>Wspomnienia Wspomnienia z wycieczki \u201eNad Niepryszk\u0105\u201d 19 lutego 2022 roku Tu\u017c po 9 rano zacz\u0119\u0142y przyje\u017cd\u017ca\u0107 samochodziki na parking przy zalewie w J\u00f3zefowie. Zobaczy\u0142em rejestracje zamojskie, lubaczowskie z Krasnegostawu, pow. bi\u0142gorajskiego i tomaszowskiego. Naliczyli\u015bmy 50 uczestnik\u00f3w i jednego du\u017cego, pi\u0119knego &hellip; <a class=\"more-link\" href=\"https:\/\/zamosc.pttk.pl\/wordpress\/?page_id=18179\">Czytaj dalej <span class=\"meta-nav\">&rarr;<\/span><\/a><\/p>\n","protected":false},"author":1,"featured_media":0,"parent":0,"menu_order":0,"comment_status":"closed","ping_status":"closed","template":"","meta":{"footnotes":""},"class_list":["post-18179","page","type-page","status-publish","hentry"],"_links":{"self":[{"href":"https:\/\/zamosc.pttk.pl\/wordpress\/index.php?rest_route=\/wp\/v2\/pages\/18179","targetHints":{"allow":["GET"]}}],"collection":[{"href":"https:\/\/zamosc.pttk.pl\/wordpress\/index.php?rest_route=\/wp\/v2\/pages"}],"about":[{"href":"https:\/\/zamosc.pttk.pl\/wordpress\/index.php?rest_route=\/wp\/v2\/types\/page"}],"author":[{"embeddable":true,"href":"https:\/\/zamosc.pttk.pl\/wordpress\/index.php?rest_route=\/wp\/v2\/users\/1"}],"replies":[{"embeddable":true,"href":"https:\/\/zamosc.pttk.pl\/wordpress\/index.php?rest_route=%2Fwp%2Fv2%2Fcomments&post=18179"}],"version-history":[{"count":4,"href":"https:\/\/zamosc.pttk.pl\/wordpress\/index.php?rest_route=\/wp\/v2\/pages\/18179\/revisions"}],"predecessor-version":[{"id":18226,"href":"https:\/\/zamosc.pttk.pl\/wordpress\/index.php?rest_route=\/wp\/v2\/pages\/18179\/revisions\/18226"}],"wp:attachment":[{"href":"https:\/\/zamosc.pttk.pl\/wordpress\/index.php?rest_route=%2Fwp%2Fv2%2Fmedia&parent=18179"}],"curies":[{"name":"wp","href":"https:\/\/api.w.org\/{rel}","templated":true}]}}