{"id":17246,"date":"2021-04-26T11:17:04","date_gmt":"2021-04-26T09:17:04","guid":{"rendered":"http:\/\/zamosc.pttk.pl\/wordpress\/?page_id=17246"},"modified":"2021-04-26T12:43:22","modified_gmt":"2021-04-26T10:43:22","slug":"47-rajd-spotkanie-z-wiosna","status":"publish","type":"page","link":"https:\/\/zamosc.pttk.pl\/wordpress\/?page_id=17246","title":{"rendered":"47 Rajd &#8222;Spotkanie z Wiosn\u0105&#8221;"},"content":{"rendered":"<p>Wspomnienia z 47 Rajdu \u201eSpotkanie z Wiosn\u0105\u201d<\/p>\n<p style=\"text-align: justify;\"><a href=\"https:\/\/zamosc.pttk.pl\/wordpress\/wp-content\/uploads\/2021\/04\/znaczek.jpg\"><img loading=\"lazy\" decoding=\"async\" class=\"size-medium wp-image-17237 alignleft\" src=\"https:\/\/zamosc.pttk.pl\/wordpress\/wp-content\/uploads\/2021\/04\/znaczek-300x300.jpg\" alt=\"\" width=\"300\" height=\"300\" srcset=\"https:\/\/zamosc.pttk.pl\/wordpress\/wp-content\/uploads\/2021\/04\/znaczek-300x300.jpg 300w, https:\/\/zamosc.pttk.pl\/wordpress\/wp-content\/uploads\/2021\/04\/znaczek-200x200.jpg 200w, https:\/\/zamosc.pttk.pl\/wordpress\/wp-content\/uploads\/2021\/04\/znaczek-144x144.jpg 144w, https:\/\/zamosc.pttk.pl\/wordpress\/wp-content\/uploads\/2021\/04\/znaczek.jpg 640w\" sizes=\"auto, (max-width: 300px) 100vw, 300px\" \/><\/a>Kwietniowy, sobotni\u00a0 poranek 24 -go 2021 r. by\u0142 rze\u015bki i pogodny. O godz. 10-tej przy Muzeum Skamienia\u0142ych Drzew w Siedliskach spotkali si\u0119 mi\u0142o\u015bnicy Roztocza i w\u0119dr\u00f3wek. W wi\u0119kszo\u015bci to by\u0142y rodzinki z maluchami i wi\u0119kszymi dzieciaczkami. Dobrze, \u017ce teren by\u0142 do\u015b\u0107 rozleg\u0142y by\u0142a mo\u017cliwo\u015b\u0107 zachowania dystansu i innych przepis\u00f3w sanitarnych aktualnie obowi\u0105zuj\u0105cych. Uczestnik\u00f3w Rajdu przywitali: p. Marek \u0141uszczy\u0144ski burmistrz Lubyczy Kr\u00f3lewskiej, prezes Oddzia\u0142u PTTK w Zamo\u015bciu &#8211; Edward S\u0142oniewski, Andrzej Dziaduszek- prezes Klubu Turystyczno-Krajoznawczego im. Micha\u0142a Pieszki w Zamo\u015bciu (g\u0142\u00f3wny organizator).<\/p>\n<p style=\"text-align: justify;\">Tym razem Rajd przygotowali przewodnicy z Zamojsko-Roztocza\u0144skiego Ko\u0142a Przewodnik\u00f3w PTTK pod wodz\u0105 jego prezesa Paw\u0142a Borowca. Kolega Pawe\u0142 opowiedzia\u0142 o trasie Rajdu i zaprosi\u0142 do wsp\u00f3lnego w\u0119drowania.<\/p>\n<p style=\"text-align: justify;\">Poszli\u015bmy na zach\u00f3d do kapliczki nad \u017ar\u00f3d\u0142ami z ikon\u0105 \u015bw. Miko\u0142aja. S\u0105 to \u017ar\u00f3d\u0142a rzeki Prutnik &#8211; Pru\u015bnik, dop\u0142ywu So\u0142okiji. Tutaj ciekaw\u0105 histori\u0119 tego miejsca opowiedzia\u0142a kol. przewodnik Ewa Drozdowska. Wg miejscowych wierze\u0144 wyp\u0142ywaj\u0105ca tutaj woda ma jedynie raz w roku w\u0142asno\u015bci uzdrawiaj\u0105ce, w dniu odpustu \u015bw. Miko\u0142aja 22 maja. \u015awi\u0119to wg obrz\u0105dku wschodniego. Pi\u0119kne s\u0105 bij\u0105ce \u017ar\u00f3de\u0142ka &#8211; na dnie kot\u0142uj\u0105 si\u0119 piasek i woda. Poszli\u015bmy dalej pag\u00f3rkami do traktu potylickiego. W dawnych czasach trakt by\u0142 cz\u0119sto ucz\u0119szczany. Kupcy jad\u0105cy do Lwowa omijali Raw\u0119 Rusk\u0105, aby nie p\u0142aci\u0107 kopytkowego na mo\u015bcie na Racie pod Raw\u0105 Rusk\u0105. Przy trakcie s\u0105 charakterystyczne krzy\u017ce bru\u015bnie\u0144skie pomalowane na bia\u0142o. Wskazywa\u0142y one, kt\u00f3r\u0119dy mieli jecha\u0107 kupcy.<\/p>\n<p style=\"text-align: justify;\">Doszli\u015bmy do cmentarza. Tutaj spoczywa ksi\u0105\u017c\u0119 Adam Sapieha w\u0142a\u015bciciel d\u00f3br w Siedliskach, m.in. za\u0142o\u017cyciel Polskiego Czerwonego Krzy\u017ca w Galicji. Po cmentarzu oprowadza\u0142 nas kol. Pawe\u0142 zwracaj\u0105c uwag\u0119 na ciekawe nagrobki. Poszli\u015bmy jeszcze troch\u0119 traktem potylickim na po\u0142udnie. Przed torami skr\u0119cili\u015bmy w lewo szerok\u0105 le\u015bn\u0105 drog\u0105. Niegdy\u015b mieszka\u0144cy Siedlisk z cz\u0119\u015bci wschodniej chodzili na przystanek kolejowy. Kiedy\u015b \u00a0je\u017adzi\u0142y poci\u0105gi z Be\u0142\u017cca do Przeworska. Mieszka\u0144cy nazywali je Ba\u0142ajami. Po gwi\u017adzie lokomotywy prognozowano pogod\u0119. Doszli\u015bmy do Galerii \u201eZa Rzek\u0105\u201d. W\u0142a\u015bciciel &#8211; malarz p. Miros\u0142aw Golasi\u0144ski zaprosi\u0142 do zwiedzania i ogl\u0105dania pi\u0119knych obraz\u00f3w. Galeria mie\u015bci si\u0119 w ponad 100-letniej cha\u0142upie. Podobno w tym domu mieszka\u0142 c.k. listonosz. Pan Miros\u0142aw ciekawie opowiada\u0142 o swoich pracach i go\u015bciach, kt\u00f3rzy go odwiedzaj\u0105. Niegdy\u015b pi\u0119kne japonki zaprzyja\u017ani\u0142y si\u0119 miejscowymi panami siedz\u0105cymi na \u0142aweczce pod sklepem, opowiedzia\u0142 te\u017c jak murzyn uczy\u0142 si\u0119 je\u017adzi\u0107 na rowerze. Mo\u017cna by\u0142o skosztowa\u0107 prawdziwej nalewki z p\u0119d\u00f3w sosny.<\/p>\n<p style=\"text-align: justify;\">Czas rusza\u0107 w dalsz\u0105 drog\u0119. Weszli\u015bmy na kopiec tatarski w kszta\u0142cie p\u00f3\u0142ksi\u0119\u017cyca. Wg miejscowej tradycji spoczywaj\u0105 tu Tatarzy, kt\u00f3rzy polegli w bitwie z wojskami Jana Sobieskiego jesieni\u0105 1672 r.<\/p>\n<p style=\"text-align: justify;\">W\u0119druj\u0105c po kopcu na chwil\u0119 zatrzymali\u015bmy si\u0119, aby obejrze\u0107 miejsce, gdzie by\u0142a fabryka porcelany. Kol. Pawe\u0142 powiedzia\u0142, \u017ce wyroby mo\u017cna zobaczy\u0107 jeszcze w muzeach. Pracowa\u0142o w niej ok. 20 os\u00f3b. Nast\u0119pnie musieli\u015bmy pokona\u0107 pierwsz\u0105 trudno\u015b\u0107 &#8211; strome zej\u015bcie z kopca tatarskiego. Po li\u015bciach mo\u017cna by\u0142o zjecha\u0107 na &#8230; Min\u0119li\u015bmy bajorko i doszli\u015bmy do pot\u0119\u017cnego d\u0119ba, na kt\u00f3rym wisi kapliczka. Kole\u017canka Monika Muzyczka ciekawie opowiedzia\u0142a o bitwie stoczonej tutaj z Tatarami i \u017ar\u00f3de\u0142ku im. Paw\u0142a Sapiehy &#8211; ostatniego w\u0142a\u015bciciela Siedlisk. Na \u015bcianie stodo\u0142y ma by\u0107 namalowany obraz bitwy. Poszli\u015bmy na polan\u0119, ro\u015bnie tutaj pot\u0119\u017cny d\u0105b, jest kapliczka \u015bw. Huberta i obok ro\u015bnie cyprysik b\u0142otny. Wg naukowc\u00f3w z cyprysika powsta\u0142y skamienia\u0142e drzewa. Drzewo zrzuca na zim\u0119 ig\u0142y.\u00a0 Poszli\u015bmy w pobli\u017ce ko\u015bcio\u0142a parafialnego, po drodze podziwiaj\u0105c dorodne daglezje rosn\u0105ce przy le\u015bnicz\u00f3wce. Obok ko\u015bcio\u0142a s\u0105 skamienia\u0142e drzewa oraz o\u0142tarz letni wykonany ze skamienia\u0142ych drzew. Histori\u0119 rodu Sapieh\u00f3w opowiedzia\u0142a kol. Jola Piotrowska. W ko\u015bciele, dawnej kaplicy dworskiej, s\u0105 pi\u0119kne malowid\u0142a iluzjonistyczne na \u015bcianach oraz epitafia Sapieh\u00f3w. Nast\u0119pnie poszli\u015bmy alej\u0105, przy kt\u00f3rej rosn\u0105 drzewa, dla nas egzotyczne &#8211; iglicznie\u00a0 tr\u00f3jcierniowe. M\u0142odzi tury\u015bci ogl\u0105dali z zaciekawieniem studni\u0119 przy kapliczce \u015bwi\u0119tego Floriana. Tak zako\u0144czyli\u015bmy pierwszy etap naszego Rajdu. Wszyscy poszli dalej. Tym razem dawnym traktem potylickim w stron\u0119 Bo\u017cyk\u00f3w. Trzeba si\u0119 by\u0142o wspina\u0107 pod g\u00f3r\u0119 drog\u0105 z g\u0142\u0119bokimi koleinami. Po drodze zobaczyli\u015bmy ogromne lipy i d\u0119by rosn\u0105ce przy dawnej osadzie (dworzysku wo\u0142oskim) &#8211; Bo\u017cyki. Miejscowo\u015b\u0107 ju\u017c nie istnieje. Pozosta\u0142y zdzicza\u0142e drzewa owocowe i barwinek, niebiesko kwitn\u0105cy na wiosn\u0119. Kolega Pawe\u0142 opowiedzia\u0142 o historii tego miejsca. Na trasie podziwiali\u015bmy pomnikowe buki.\u00a0 Na punkcie widokowym by\u0142 odpoczynek. Mieli\u015bmy okazj\u0119 spojrze\u0107 na po\u0142udnie i zobaczy\u0107 bielej\u0105ca cerkiew w Siedliskach, lasy po polskiej stronie oraz na horyzoncie ju\u017c na Ukrainie wzg\u00f3rza i lasy w okolicach Potylicza i Borowego. Dalej po drodze zobaczyli\u015bmy wzg\u00f3rze Siedlisko. By\u0142 tutaj gr\u00f3d zniszczony przez Tatar\u00f3w. P\u00f3\u017aniej w\u0119drowali\u015bmy malowniczym w\u0105wozem. Gdzie\u015b po prawej by\u0142o wzg\u00f3rze D\u0105browa. Doszli\u015bmy do szlaku pieszego czerwonego, kt\u00f3ry doprowadzi\u0142 nas do kapliczki na so\u015bnie i mety rajdu. W lesie jeszcze zobaczyli\u015bmy ciekaw\u0105 ro\u015blin\u0119 \u017carnowiec, kt\u00f3r\u0105 sadzono na skraju las\u00f3w, aby zwierzyna mog\u0142a j\u0105 je\u015b\u0107 zim\u0105 i nie niszczy\u0142a zasiew\u00f3w na polach. Kol. Dominika Bojarczuk opowiedzia\u0142a o cerkwi \u015bw. Miko\u0142aja. W ten spos\u00f3b przeszli\u015bmy ciekaw\u0105 tras\u0119 o d\u0142ugo\u015bci 9,7 km. Na mecie p\u0142on\u0119\u0142o ju\u017c ognisko, by\u0142y podzi\u0119kowania dla Pana Burmistrza i kol. Paw\u0142a.\u00a0 Podzi\u0119kowali\u015bmy za cenne nagrody ufundowane przez Pana Burmistrza. Nagrody otrzymali uczestnicy konkursu krajoznawczego oraz najm\u0142odszy i najstarszy uczestnik Rajdu. Na naszym Rajdzie by\u0142y osoby z Warszawy, Wysokiego (ok. 150 km) oraz z Lubaczowa i ca\u0142ej Zamojszczyzny. Wr\u0119czyli\u015bmy odznaki \u201eSiedmiomilowe Buty\u201d Odznaki Turystyki Pieszej dla m\u0142odych S\u0142upskich i Mielnickich. Uczestnicy otrzymali pami\u0105tkowe naklejki ze znaczkiem rajdowym oraz zak\u0142adki z legendami roztocza\u0144skimi. Po upieczeniu kie\u0142basek \u017cegnali\u015bmy si\u0119 przed powrotem do domu na odpoczynek po zdrowo sp\u0119dzonym dniu na Rajdzie.<br \/>\nJeszcze raz dzi\u0119kujemy organizatorom za wspania\u0142\u0105 imprez\u0119, upominki i do spotkania na roztocza\u0144skich szlakach.<\/p>\n<hr \/>\n<p>[huge_it_slider id=&#8221;244 &#8222;]<\/p>\n<p>&nbsp;<\/p>\n<p>Tekst i zdj\u0119cia: es<\/p>\n<p>&nbsp;<\/p>\n<p>&nbsp;<\/p>\n","protected":false},"excerpt":{"rendered":"<p>Wspomnienia z 47 Rajdu \u201eSpotkanie z Wiosn\u0105\u201d Kwietniowy, sobotni\u00a0 poranek 24 -go 2021 r. by\u0142 rze\u015bki i pogodny. O godz. 10-tej przy Muzeum Skamienia\u0142ych Drzew w Siedliskach spotkali si\u0119 mi\u0142o\u015bnicy Roztocza i w\u0119dr\u00f3wek. W wi\u0119kszo\u015bci to by\u0142y rodzinki z maluchami &hellip; <a class=\"more-link\" href=\"https:\/\/zamosc.pttk.pl\/wordpress\/?page_id=17246\">Czytaj dalej <span class=\"meta-nav\">&rarr;<\/span><\/a><\/p>\n","protected":false},"author":1,"featured_media":0,"parent":0,"menu_order":0,"comment_status":"closed","ping_status":"closed","template":"","meta":{"footnotes":""},"class_list":["post-17246","page","type-page","status-publish","hentry"],"_links":{"self":[{"href":"https:\/\/zamosc.pttk.pl\/wordpress\/index.php?rest_route=\/wp\/v2\/pages\/17246","targetHints":{"allow":["GET"]}}],"collection":[{"href":"https:\/\/zamosc.pttk.pl\/wordpress\/index.php?rest_route=\/wp\/v2\/pages"}],"about":[{"href":"https:\/\/zamosc.pttk.pl\/wordpress\/index.php?rest_route=\/wp\/v2\/types\/page"}],"author":[{"embeddable":true,"href":"https:\/\/zamosc.pttk.pl\/wordpress\/index.php?rest_route=\/wp\/v2\/users\/1"}],"replies":[{"embeddable":true,"href":"https:\/\/zamosc.pttk.pl\/wordpress\/index.php?rest_route=%2Fwp%2Fv2%2Fcomments&post=17246"}],"version-history":[{"count":6,"href":"https:\/\/zamosc.pttk.pl\/wordpress\/index.php?rest_route=\/wp\/v2\/pages\/17246\/revisions"}],"predecessor-version":[{"id":17327,"href":"https:\/\/zamosc.pttk.pl\/wordpress\/index.php?rest_route=\/wp\/v2\/pages\/17246\/revisions\/17327"}],"wp:attachment":[{"href":"https:\/\/zamosc.pttk.pl\/wordpress\/index.php?rest_route=%2Fwp%2Fv2%2Fmedia&parent=17246"}],"curies":[{"name":"wp","href":"https:\/\/api.w.org\/{rel}","templated":true}]}}