{"id":16701,"date":"2020-09-27T20:32:43","date_gmt":"2020-09-27T18:32:43","guid":{"rendered":"http:\/\/www.zamosc.pttk.pl\/wordpress\/?page_id=16701"},"modified":"2020-09-28T07:53:57","modified_gmt":"2020-09-28T05:53:57","slug":"46-rajd-milosnikow-roztocza","status":"publish","type":"page","link":"https:\/\/zamosc.pttk.pl\/wordpress\/?page_id=16701","title":{"rendered":"46 Rajd &#8222;Mi\u0142o\u015bnik\u00f3w Roztocza&#8221;"},"content":{"rendered":"<p>46 Rajd \u201eMi\u0142o\u015bnik\u00f3w Roztocza\u201d odby\u0142 si\u0119 w dniu 26 wrze\u015bnia 2020 r.<\/p>\n<p>By\u0142 to rajd szczeg\u00f3lny w tym trudnym dla nas turyst\u00f3w roku.<\/p>\n<p>Uczestnictwo w Rajdzie pozwoli\u0142o nam przypomnie\u0107 rocznice:<\/p>\n<p>90-lecie powstania PTK &#8211; PTTK w Zamo\u015bciu,<\/p>\n<p>70-lecie PTTK,<\/p>\n<p>Dzie\u0144 Turysty.<\/p>\n<p>&nbsp;<\/p>\n<p style=\"text-align: justify;\">W Rajdzie uczestniczyli: m\u0142odzi i starsi przewodnicy PTTK z Zamo\u015bcia i Roztocza oraz sympatycy PTTK razem 36 os\u00f3b.<\/p>\n<p style=\"text-align: justify;\">Wyjechali\u015bmy o godz. 8.30 z parkingu przy Lunecie w Zamo\u015bciu.<\/p>\n<p style=\"text-align: justify;\">Na parkingu przy Czartowym Polu zabrali\u015bmy grup\u0119 przewodnik\u00f3w zamojskich z Tomaszowa Lubelskiego. Pojechali\u015bmy na start na skraj zachodni Oseredka w gm. Susiec. Tutaj kol. Andrzej przewodnik i przodownik TP i kolarskiej przywita\u0142 uczestnik\u00f3w rajdu i powiedzia\u0142 o trasie Rajdu:<\/p>\n<p style=\"text-align: justify;\">Oseredek, B\u0142udek, kamienio\u0142omy Nowiny, punkt widokowy pod Nowinami, Rezerwat Czartowe do miejsca wypoczynku przy Le\u015bnicz\u00f3wce Hamernia.<\/p>\n<p style=\"text-align: justify;\">Pani Wioletka z Radia Eska Zamo\u015b\u0107 rozpocz\u0119\u0142a wywiady z uczestnikami Rajdu.<\/p>\n<p style=\"text-align: justify;\">Kol. Edward &#8211; prezes ZO\u00a0 PTTK w Zamo\u015bciu zaprosi\u0142 wszystkich do zdj\u0119cia pami\u0105tkowego.<\/p>\n<p style=\"text-align: justify;\">P\u00f3\u017aniej tury\u015bci poszli sobie szlakiem kraw\u0119dziowym. Jako ostatni poszed\u0142 Pawe\u0142 przewodnik PTTK, kt\u00f3ry pilnowa\u0142, aby nikt si\u0119 nie zgubi\u0142 w Puszczy Solskiej, by\u0142 te\u017c przygotowany na ewentualne\u00a0odp\u0119dzanie od turyst\u00f3w wilk\u00f3w puszcza\u0144skich i b\u0142\u0105kaj\u0105cych si\u0119 tu i \u00f3wdzie czart\u00f3w. W\u0119dr\u00f3wka wszystkim si\u0119 podoba\u0142a, bo by\u0142a puszcza, miejsce historyczne w B\u0142udku &#8211; by\u0142 tutaj ob\u00f3z dla partyzant\u00f3w AK, kt\u00f3ry funkcjonowa\u0142 w latach 1944-1945. P\u00f3\u017aniej obejrzeli\u015bmy kamienio\u0142omy w Nowinach, spojrzeli\u015bmy na wzg\u00f3rza Roztocza z Wapielni\u0105 &#8211; najwy\u017cszym wzg\u00f3rzem Roztocza \u015arodkowego. Klucz\u0105c w\u015br\u00f3d tarniny skrajem Roztocza \u015arodkowego i Kotliny Sandomierskiej doszli\u015bmy w okolic\u0119 parkingu przy Rezerwacie \u201eCzartowe Pole\u201d. Tutaj ju\u017c czeka\u0142 (wcze\u015bniej odszed\u0142 od rajdowicz\u00f3w) kol. Krzysztof przewodnik PTTK i pracownik Nadle\u015bnictwa J\u00f3zef\u00f3w (podle\u015bniczy w Le\u015bnictwie Rybnica). Krzysztof przywi\u00f3z\u0142 drzewka do posadzenia podarowane na nasz\u0105 pro\u015bb\u0119 przez Nadle\u015bnictwo J\u00f3zef\u00f3w). Mieli\u015bmy posadzi\u0107 70 drzew(VII Sztafeta Pokole\u0144), ale w zwi\u0105zku z obchodem 90-lecia Oddzia\u0142u PTTK w Zamo\u015bciu posadzili\u015bmy 90 brz\u00f3zek dwuletnich oraz kilka m\u0142odych \u015bwierk\u00f3w. Miejsce posadzenia nie by\u0142o przypadkowe, bo w miejscu, gdzie w ci\u0105gu roku przybywa kilkana\u015bcie tysi\u0119cy turyst\u00f3w odwiedzaj\u0105cych Rezerwat Czartowe Pole. T\u0119dy te\u017c prowadz\u0105 dwa szlaki piesze &#8211; czerwony \u00a0kraw\u0119dziowy \u00a0i zielony Ziemi J\u00f3zefowskiej oraz \u015bcie\u017cka spacerowa, niebieska przez rezerwat Czartowe Pole. Miejsce posadzenia wskaza\u0142 Pan Le\u015bniczy Marek z Le\u015bnictwa Kalina. W ubieg\u0142ym roku le\u015bnicy musieli wyci\u0105\u0107 ok. 6 ar\u00f3w lasu sosnowego, poniewa\u017c drzewa sosnowe zosta\u0142y zaatakowane przez kornika.\u00a0 Teraz b\u0119dzie tutaj r\u00f3s\u0142 nasz PTTK-owski las.<\/p>\n<p style=\"text-align: justify;\">Kol . Krzysztof oraz Pani Ola, kt\u00f3ra przyby\u0142a na nasz\u0105 imprez\u0119 z Nadle\u015bnictwa Zwierzyniec pokazali jak nale\u017cy sadzi\u0107 drzewka. Pani Ola jest specjalistk\u0105 od spraw turystyki i stacji oceny nasion drzew w Nadle\u015bnictwie Zwierzyniec. W Rajdzie uczestniczyli le\u015bnicy: Krzysztof, Darek i \u0141ukasz oraz pani Ola.<\/p>\n<p style=\"text-align: justify;\">Kol Krzysztof powiedzia\u0142 jak kopa\u0107 do\u0142ki i wk\u0142ada\u0107 drzewka (zielonym do g\u00f3ry), aby nie zagina\u0107 korzonk\u00f3w. Uczestnicy byli poj\u0119tni i ochoczo zabrali si\u0119 do niecodziennej pracy. Koledzy a nawet Kole\u017canki w zespo\u0142ach dwuosobowych kopa\u0142y do\u015b\u0107 g\u0142\u0119bokie do\u0142ki. Kiedy praca zbli\u017ca\u0142a si\u0119 ku ko\u0144cowi kol. Andrzej zamontowa\u0142 tabliczk\u0119 informacyjn\u0105 przys\u0142an\u0105 przez Zarz\u0105d G\u0142\u00f3wny PTTK. Solidn\u0105 konstrukcj\u0119 na stalowej rurze wykona\u0142 kol. Andrzej. \u00a0Przy tabliczce tury\u015bci robili sobie pami\u0105tkowe zdj\u0119cia, a p\u00f3\u017aniej ca\u0142a grupa zosta\u0142a uwieczniona.<\/p>\n<p style=\"text-align: justify;\">Min\u0119\u0142a ju\u017c godz. 12 w po\u0142udnie i czas by\u0142 na dalsz\u0105 w\u0119dr\u00f3wk\u0119 na met\u0119 rajdu. Po drodze oczywi\u015bcie odwiedzili\u015bmy najpi\u0119kniejszy i najbardziej dziki rezerwat Czartowe Pole na Roztoczu \u015arodkowym..\u00a0 Diab\u0142y uciek\u0142y, tyko mo\u017cna by\u0142o zobaczy\u0107 \u015blady kopyt.<\/p>\n<p style=\"text-align: justify;\">Grupa wreszcie dosz\u0142a tu\u017c po 13-tej po 8,1 km w\u0119dr\u00f3wce na met\u0119 usytuowan\u0105 przy Le\u015bnicz\u00f3wce Hamernia. Dzi\u0119kujemy Panu Nadle\u015bniczemu z Nadle\u015bnictwa J\u00f3zef\u00f3w za pomoc i wyra\u017cenie zgody na nasz pobyt w tym miejscu.<\/p>\n<p style=\"text-align: justify;\">Turyst\u00f3w &#8211; Rajdowicz\u00f3w serdecznie przywita\u0142 kol. Kazio &#8211; kierownik Rajdu. Ognisko ju\u017c p\u0142on\u0119\u0142o i na ruszcie piek\u0142a si\u0119 smakowita, pachn\u0105ca kie\u0142basa zakupiona przez Asi\u0119.<\/p>\n<p style=\"text-align: justify;\">Wspomnienia o kursach przewodnickich i dzia\u0142alno\u015bci Oddzia\u0142u PTTK w Zamo\u015bciu opowiada\u0142 kol. Kazio.<\/p>\n<p style=\"text-align: justify;\">Nast\u0119pnie odby\u0142o si\u0119 uroczyste wr\u0119czenie legitymacji cz\u0142onk\u00f3w PTTK\u00a0 i \u00a0znaczk\u00f3w organizacyjnych, kt\u00f3rych dokonali kol. Agnieszka &#8211; skarbnik Oddzia\u0142u PTTK w Zamo\u015bciu oraz prezes Oddzia\u0142u kol. Edward. Identyfikatory przewodnika PTTK nowym przewodnikom wr\u0119czy\u0142 kol. Kazio kierownik kursu przewodnickiego, a nowe odznaki przewodnickie (specjalnie wykonane na t\u0105 okazj\u0119) kol. Edward &#8211; prezes Oddzia\u0142u.<\/p>\n<p style=\"text-align: justify;\">P\u00f3\u017aniej \u015bpiewali\u015bmy piosenki turystyczne, by\u0142y pogaduszki integracyjne, a koledzy Krzysztof i Janusz udzielali wywiad\u00f3w Pani Wioletce z Radia Eska Zamo\u015b\u0107.<\/p>\n<p style=\"text-align: justify;\">Zacz\u0105\u0142 pada\u0107 zapowiadany od rana jesienny kapu\u015bniaczek, ale humory nam dopisywa\u0142y.<\/p>\n<p style=\"text-align: justify;\">Ok. godz. 15-tej zgas\u0142o ognisko i uczestnicy pojechali do dom\u00f3w.<\/p>\n<p style=\"text-align: justify;\">Zabrali\u015bmy z sob\u0105 wspania\u0142e humory i wspomnienia. Wszyscy zgodnie m\u00f3wili, \u017ce za rok podczas Rajdu \u201eMi\u0142o\u015bnik\u00f3w Roztocza\u201d pragn\u0105 sadzi\u0107 roztocza\u0144ski las.<\/p>\n<p style=\"text-align: justify;\">W imieniu Zarz\u0105du Oddzia\u0142u PTTK w Zamo\u015bciu dzi\u0119kujemy za wsp\u00f3ln\u0105 w\u0119dr\u00f3wk\u0119.<\/p>\n<p>Do spotkania na roztocza\u0144skich szlakach&#8230;<\/p>\n<hr \/>\n<p>[huge_it_slider id=&#8221;234 &#8222;]<\/p>\n","protected":false},"excerpt":{"rendered":"<p>46 Rajd \u201eMi\u0142o\u015bnik\u00f3w Roztocza\u201d odby\u0142 si\u0119 w dniu 26 wrze\u015bnia 2020 r. By\u0142 to rajd szczeg\u00f3lny w tym trudnym dla nas turyst\u00f3w roku. Uczestnictwo w Rajdzie pozwoli\u0142o nam przypomnie\u0107 rocznice: 90-lecie powstania PTK &#8211; PTTK w Zamo\u015bciu, 70-lecie PTTK, Dzie\u0144 &hellip; <a class=\"more-link\" href=\"https:\/\/zamosc.pttk.pl\/wordpress\/?page_id=16701\">Czytaj dalej <span class=\"meta-nav\">&rarr;<\/span><\/a><\/p>\n","protected":false},"author":1,"featured_media":0,"parent":0,"menu_order":0,"comment_status":"closed","ping_status":"closed","template":"","meta":{"footnotes":""},"class_list":["post-16701","page","type-page","status-publish","hentry"],"_links":{"self":[{"href":"https:\/\/zamosc.pttk.pl\/wordpress\/index.php?rest_route=\/wp\/v2\/pages\/16701","targetHints":{"allow":["GET"]}}],"collection":[{"href":"https:\/\/zamosc.pttk.pl\/wordpress\/index.php?rest_route=\/wp\/v2\/pages"}],"about":[{"href":"https:\/\/zamosc.pttk.pl\/wordpress\/index.php?rest_route=\/wp\/v2\/types\/page"}],"author":[{"embeddable":true,"href":"https:\/\/zamosc.pttk.pl\/wordpress\/index.php?rest_route=\/wp\/v2\/users\/1"}],"replies":[{"embeddable":true,"href":"https:\/\/zamosc.pttk.pl\/wordpress\/index.php?rest_route=%2Fwp%2Fv2%2Fcomments&post=16701"}],"version-history":[{"count":8,"href":"https:\/\/zamosc.pttk.pl\/wordpress\/index.php?rest_route=\/wp\/v2\/pages\/16701\/revisions"}],"predecessor-version":[{"id":16711,"href":"https:\/\/zamosc.pttk.pl\/wordpress\/index.php?rest_route=\/wp\/v2\/pages\/16701\/revisions\/16711"}],"wp:attachment":[{"href":"https:\/\/zamosc.pttk.pl\/wordpress\/index.php?rest_route=%2Fwp%2Fv2%2Fmedia&parent=16701"}],"curies":[{"name":"wp","href":"https:\/\/api.w.org\/{rel}","templated":true}]}}