{"id":16322,"date":"2020-05-07T22:03:00","date_gmt":"2020-05-07T20:03:00","guid":{"rendered":"http:\/\/www.zamosc.pttk.pl\/wordpress\/?page_id=16322"},"modified":"2020-05-12T09:27:56","modified_gmt":"2020-05-12T07:27:56","slug":"krakow-wieliczka-zakopane-czestochowa","status":"publish","type":"page","link":"https:\/\/zamosc.pttk.pl\/wordpress\/?page_id=16322","title":{"rendered":"Krak\u00f3w &#8211; Wieliczka &#8211; Zakopane &#8211; Cz\u0119stochowa"},"content":{"rendered":"<h2 class=\"western\" align=\"left\"><span style=\"font-size: 14px;\"><strong><span style=\"font-family: Verdana, sans-serif;\">Pielgrzymka na Jasn\u0105 G\u00f3r\u0119<br \/>\n<\/span><\/strong><\/span><span style=\"font-size: 14px;\"><strong><span style=\"font-family: Verdana, sans-serif;\">Krak\u00f3w, Kopalnia Soli w Wieliczce, Zakopane, Cz\u0119stochowa <\/span><\/strong><\/span><\/h2>\n<p align=\"left\"><span style=\"font-family: Verdana, sans-serif; font-size: 14px;\">Ramowy program pielgrzymki <\/span><\/p>\n<p align=\"left\"><span style=\"font-family: Verdana, sans-serif; font-size: 14px;\">Dzie\u0144 1 <\/span><\/p>\n<p><span style=\"font-family: Verdana, sans-serif; font-size: 14px;\">Wyjazd z um\u00f3wionego miejsca we wczesnych godzinach porannych.<\/span><\/p>\n<p><span style=\"font-family: Verdana, sans-serif; font-size: 14px;\">Przyjazd do Krakowa \u2013 pradawnego grodu legendarnego ksi\u0119cia Kraka, jednego z najstarszych polskich miast. Przesz\u0142o\u015b\u0107 miesza si\u0119 tutaj z tera\u017aniejszo\u015bci\u0105 a historia z nowoczesno\u015bci\u0105. W Krakowie znajduje si\u0119 ponad 6000 zabytkowych obiekt\u00f3w. <\/span><\/p>\n<p><span style=\"font-family: Verdana, sans-serif; font-size: 14px;\">Zwiedzanie miasta Drog\u0105 Kr\u00f3lewsk\u0105. Podczas spaceru z przewodnikiem zobaczymy Wzg\u00f3rze Wawelskie z Zamkiem Kr\u00f3lewskim i Katedr\u0105 (w kt\u00f3rej spoczywa 19 polskich kr\u00f3l\u00f3w, biskupi krakowscy oraz m.in. gen. T. Ko\u015bciuszko, A. Mickiewicz, J. S\u0142owacki, marsza\u0142ek J. Pi\u0142sudski), Dzwon Zygmunta, Smocza Jama, przej\u015bcie ul. Kanonicz\u0105, Grodzk\u0105 do Rynku, Bazylika Mariacka (o\u0142tarz Wita Stwosza), Sukiennice, Barbakan.<\/span><\/p>\n<p><span style=\"font-family: Verdana, sans-serif; font-size: 14px;\">Po po\u0142udniu przejazd do Wieliczki gdzie s\u00f3l z miejscowej kopalni wydobywano ju\u017c za czas\u00f3w Boles\u0142awa I Chrobrego. W 1978 r. Kopalnia zosta\u0142a wpisana na List\u0119 \u015awiatowego Dziedzictwa UNESCO. <\/span><\/p>\n<p><span style=\"font-family: Verdana, sans-serif; font-size: 14px;\">Program zwiedzania kopalni Tras\u0105 Turystyczn\u0105 lub Tras\u0105 G\u00f3rnicz\u0105. Szczeg\u00f3\u0142y na <a href=\"https:\/\/www.kopalnia.pl\/grupy-zorganizowane\/kopalnia-dla-szkol\">https:\/\/www.kopalnia.pl\/grupy-zorganizowane\/kopalnia-dla-szkol<\/a> <\/span><\/p>\n<p><span style=\"font-family: Verdana, sans-serif; font-size: 14px;\">W godzinach wieczornych przejazd na obiadokolacj\u0119 i nocleg. <\/span><\/p>\n<p><span style=\"font-family: Verdana, sans-serif; font-size: 14px;\">2 dzie\u0144 <\/span><\/p>\n<p><span style=\"font-family: Verdana, sans-serif; font-size: 14px;\">Po \u015bniadaniu przejazd do Zakopanego. Ca\u0142odniowe wyj\u015bcie z przewodnikiem w g\u00f3ry wybranym szlakiem: Dolina Pi\u0119ciu Staw\u00f3w, Dolina Ko\u015bcielska, Dolina Chocho\u0142owska, Morskie Oko. <\/span><\/p>\n<p><span style=\"font-family: Verdana, sans-serif; font-size: 14px;\">Powr\u00f3t do miejsca zakwaterowania na obiadokolacj\u0119 i nocleg. <\/span><\/p>\n<p><span style=\"font-family: Verdana, sans-serif; font-size: 14px;\">3 dzie\u0144 <\/span><\/p>\n<p><span style=\"font-family: Verdana, sans-serif; font-size: 14px;\">Po \u015bniadaniu wyjazd do Cz\u0119stochowy. Realizacja programu pielgrzymkowego. <\/span><\/p>\n<p><span style=\"font-family: Verdana, sans-serif; font-size: 14px;\">Wyjazd w drog\u0119 powrotn\u0105 w godzinach popo\u0142udniowych. <\/span><\/p>\n<p><span style=\"font-family: Verdana, sans-serif; font-size: 14px;\">Powy\u017cszy program jest ramowy a kolejno\u015b\u0107 zwiedzania mo\u017ce ulec zmianie.<\/span><\/p>\n<hr \/>\n<p><span style=\"font-family: Verdana, sans-serif; font-size: 14px;\">\u015awiadczenia przewidziane w cenie: <\/span><\/p>\n<ul>\n<li><span style=\"font-family: Verdana, sans-serif; font-size: 14px;\">transport autokarem klasy turystycznej (opcjonalnie);<\/span><\/li>\n<li><span style=\"font-family: Verdana, sans-serif; font-size: 14px;\">2 noclegi w obiekcie wybranej kategorii cenowej (hotelu, schronisku szkolnym itp.);<\/span><\/li>\n<li><span style=\"font-family: Verdana, sans-serif; font-size: 14px;\">wy\u017cywienie zgodne z programem \u2013 2 obiadokolacje, 2 \u015bniadania;<\/span><\/li>\n<li><span style=\"font-family: Verdana, sans-serif; font-size: 14px;\">opieka pilota;<\/span><\/li>\n<li><span style=\"font-family: Verdana, sans-serif; font-size: 14px;\">us\u0142ugi przewodnickie;<\/span><\/li>\n<li><span style=\"font-size: 14px;\"><span style=\"font-family: Verdana, sans-serif;\">bilety wst\u0119pu do zwiedzanych miejsc. <\/span>\u00a0<\/span><span style=\"font-family: Verdana, sans-serif; font-size: 14px;\">Cena wyjazd zale\u017cy od ilo\u015bci uczestnik\u00f3w i opiekun\u00f3w. <\/span><span style=\"font-family: Verdana, sans-serif; font-size: 14px;\"><span style=\"font-family: Verdana, sans-serif; font-size: 14px;\">Kolejno\u015b\u0107 zwiedzania poszczeg\u00f3lnych miejsc mo\u017ce ulec zmianie.<\/span><\/span>&nbsp;\n<p><span style=\"font-family: Verdana, sans-serif; font-size: 14px;\">Powy\u017cszy program mo\u017cna modyfikowa\u0107 i dopasowa\u0107 do oczekiwa\u0144 grupy.<br \/>\n<\/span><\/p>\n<hr \/>\n<\/li>\n<\/ul>\n<p style=\"text-align: right;\"><em>Dok\u0142adny program zwiedzania dopasujemy do miejsca wyjazdu z dowolnego miejsca w Polsce.<\/em><\/p>\n<p>&nbsp;<\/p>\n","protected":false},"excerpt":{"rendered":"<p>Pielgrzymka na Jasn\u0105 G\u00f3r\u0119 Krak\u00f3w, Kopalnia Soli w Wieliczce, Zakopane, Cz\u0119stochowa Ramowy program pielgrzymki Dzie\u0144 1 Wyjazd z um\u00f3wionego miejsca we wczesnych godzinach porannych. Przyjazd do Krakowa \u2013 pradawnego grodu legendarnego ksi\u0119cia Kraka, jednego z najstarszych polskich miast. Przesz\u0142o\u015b\u0107 miesza &hellip; <a class=\"more-link\" href=\"https:\/\/zamosc.pttk.pl\/wordpress\/?page_id=16322\">Czytaj dalej <span class=\"meta-nav\">&rarr;<\/span><\/a><\/p>\n","protected":false},"author":1,"featured_media":0,"parent":0,"menu_order":0,"comment_status":"closed","ping_status":"closed","template":"","meta":{"footnotes":""},"class_list":["post-16322","page","type-page","status-publish","hentry"],"_links":{"self":[{"href":"https:\/\/zamosc.pttk.pl\/wordpress\/index.php?rest_route=\/wp\/v2\/pages\/16322","targetHints":{"allow":["GET"]}}],"collection":[{"href":"https:\/\/zamosc.pttk.pl\/wordpress\/index.php?rest_route=\/wp\/v2\/pages"}],"about":[{"href":"https:\/\/zamosc.pttk.pl\/wordpress\/index.php?rest_route=\/wp\/v2\/types\/page"}],"author":[{"embeddable":true,"href":"https:\/\/zamosc.pttk.pl\/wordpress\/index.php?rest_route=\/wp\/v2\/users\/1"}],"replies":[{"embeddable":true,"href":"https:\/\/zamosc.pttk.pl\/wordpress\/index.php?rest_route=%2Fwp%2Fv2%2Fcomments&post=16322"}],"version-history":[{"count":8,"href":"https:\/\/zamosc.pttk.pl\/wordpress\/index.php?rest_route=\/wp\/v2\/pages\/16322\/revisions"}],"predecessor-version":[{"id":16376,"href":"https:\/\/zamosc.pttk.pl\/wordpress\/index.php?rest_route=\/wp\/v2\/pages\/16322\/revisions\/16376"}],"wp:attachment":[{"href":"https:\/\/zamosc.pttk.pl\/wordpress\/index.php?rest_route=%2Fwp%2Fv2%2Fmedia&parent=16322"}],"curies":[{"name":"wp","href":"https:\/\/api.w.org\/{rel}","templated":true}]}}