{"id":16189,"date":"2020-04-17T14:43:02","date_gmt":"2020-04-17T12:43:02","guid":{"rendered":"http:\/\/www.zamosc.pttk.pl\/wordpress\/?page_id=16189"},"modified":"2020-04-17T14:43:02","modified_gmt":"2020-04-17T12:43:02","slug":"wycieczka-do-krakowa-i-okolic-3-dni","status":"publish","type":"page","link":"https:\/\/zamosc.pttk.pl\/wordpress\/?page_id=16189","title":{"rendered":"Wycieczka do Krakowa i okolic &#8211; 3 dni"},"content":{"rendered":"<p><span style=\"color: #000000; font-family: Verdana, Geneva; font-size: 14px;\">Ramowy program wycieczki <\/span><\/p>\n<p><span style=\"color: #000000; font-family: Verdana, Geneva; font-size: 14px;\">1 dzie\u0144 <\/span><\/p>\n<p><span style=\"color: #000000; font-family: Verdana, Geneva; font-size: 14px;\">Wyjazd z um\u00f3wionego miejsca we wczesnych godzinach porannych.<\/span><\/p>\n<p style=\"text-align: justify;\"><span style=\"color: #000000; font-family: Verdana, Geneva; font-size: 14px;\">Przejazd do Wadowic \u2013 odwiedzimy Muzeum Dom Rodzinny Jana Paw\u0142a II w kt\u00f3rym znajduj\u0105 si\u0119 osobiste rzeczy papie\u017ca, m.in. narty, plecak, modlitewnik \u2013 pami\u0105tki po \u015awi\u0119tym kt\u00f3ry uwielbia\u0142 g\u00f3rskie w\u0119dr\u00f3wki. Zobaczymy Bazylik\u0119 Ofiarowania Naj\u015bwi\u0119tszej Maryi Panny zwi\u0105zan\u0105 z \u017cyciem Karola Wojty\u0142y oraz miejsce gdzie po maturze przysz\u0142y papie\u017c chodzi\u0142 na krem\u00f3wki. <\/span><span style=\"color: #000000; font-family: Verdana, Geneva; font-size: 14px;\">Po po\u0142udniu przejazd do Parku Miniatur w Inwa\u0142dzie &#8211; miejsce to zabierze nas w podr\u00f3\u017c dooko\u0142a \u015bwiata i poka\u017ce miniaturowe budowle charakterystyczne dla odwiedzanych pa\u0144stw.<br \/>\nSzczeg\u00f3\u0142y na <a href=\"https:\/\/parkminiatur.com\/oferta-edukacyjna\/\">https:\/\/parkminiatur.com\/oferta-edukacyjna\/<\/a> <\/span><\/p>\n<p><span style=\"color: #000000; font-family: Verdana, Geneva; font-size: 14px;\">Wieczorem przejazd na obiadokolacj\u0119 i nocleg. <\/span><\/p>\n<p><span style=\"color: #000000; font-family: Verdana, Geneva; font-size: 14px;\">2 dzie\u0144 <\/span><\/p>\n<p style=\"text-align: justify;\"><span style=\"color: #000000; font-family: Verdana, Geneva; font-size: 14px;\">Po \u015bniadaniu przejazd na zwiedzanie Krakowa \u2013 pradawnego grodu legendarnego ksi\u0119cia Kraka, jednego z najstarszych polskich miast. Przesz\u0142o\u015b\u0107 miesza si\u0119 tutaj z tera\u017aniejszo\u015bci\u0105 a historia z nowoczesno\u015bci\u0105. W Krakowie znajduje si\u0119 ponad 6000 zabytkowych obiekt\u00f3w.<br \/>\n<\/span><span style=\"color: #000000; font-family: Verdana, Geneva; font-size: 14px;\">Zwiedzanie miasta Drog\u0105 Kr\u00f3lewsk\u0105. Podczas spaceru z przewodnikiem zobaczymy Wzg\u00f3rze Wawelskie z Zamkiem Kr\u00f3lewskim i Katedr\u0105 (w kt\u00f3rej spoczywa 19 polskich kr\u00f3l\u00f3w, biskupi krakowscy oraz m.in. gen. T. Ko\u015bciuszko, A. Mickiewicz, J. S\u0142owacki, marsza\u0142ek J. Pi\u0142sudski), Dzwon Zygmunta, Smocza Jama, przej\u015bcie ul. Kanonicz\u0105, Grodzk\u0105 do Rynku, ko\u015bci\u00f3\u0142 Mariacki (o\u0142tarz Wita Stwosza), Sukiennice, Barbakan.<\/span><\/p>\n<p><span style=\"color: #000000; font-family: Verdana, Geneva; font-size: 14px;\">Podczas zwiedzania obiad 2-daniowy. <\/span><\/p>\n<p><span style=\"color: #000000; font-family: Verdana, Geneva; font-size: 14px;\">Po po\u0142udniu przejazd do Wieliczki gdzie s\u00f3l z miejscowej kopalni wydobywano ju\u017c za czas\u00f3w Boles\u0142awa I Chrobrego. W 1978r. Kopalnia zosta\u0142a wpisana na List\u0119 \u015awiatowego Dziedzictwa UNESCO.<br \/>\n<\/span><span style=\"font-family: Verdana, Geneva; font-size: 14px;\"><span style=\"color: #000000;\">Program zwiedzania kopalni Tras\u0105 Turystyczn\u0105 lub Tras\u0105 G\u00f3rnicz\u0105. Szczeg\u00f3\u0142y na <\/span><a href=\"https:\/\/www.kopalnia.pl\/grupy-zorganizowane\/kopalnia-dla-szkol\"><span style=\"color: #000000;\">https:\/\/www.kopalnia.pl\/grupy-zorganizowane\/kopalnia-dla-szkol<\/span><\/a><br \/>\n<\/span><span style=\"color: #000000; font-family: Verdana, Geneva; font-size: 14px;\">P\u00f3\u017anym popo\u0142udniem przejazd do miejsca zakwaterowania, kolacja, nocleg<\/span><\/p>\n<p><span style=\"color: #000000; font-family: Verdana, Geneva; font-size: 14px;\">3 dzie\u0144 <\/span><\/p>\n<p style=\"text-align: justify;\"><span style=\"color: #000000; font-family: Verdana, Geneva; font-size: 14px;\">Po \u015bniadaniu wykwaterowanie i wyjazd na wycieczk\u0119 do Ojcowskiego Parku Narodowego &#8211; zwiedzanie Jaskini \u0141okietka, przej\u015bcie przez Bram\u0119 Krakowsk\u0105, spacer wzd\u0142u\u017c doliny Pr\u0105dnika do Ojcowa. Zwiedzanie ruin zamku w Ojcowie, podej\u015bcie do kapliczki na Wodzie, przejazd do Pieskowej Ska\u0142y, podej\u015bcie pod Maczug\u0119 Herkulesa.<br \/>\n<\/span><span style=\"color: #000000; font-family: Verdana, Geneva; font-size: 14px;\">Po zako\u0144czeniu zwiedzania obiad 2-daniowy.<br \/>\n<\/span><span style=\"color: #000000; font-family: Verdana, Geneva; font-size: 14px;\">W godzinach popo\u0142udniowych wyjazd w drog\u0119 powrotn\u0105. <\/span><\/p>\n<hr \/>\n<p><span style=\"color: #000000; font-family: Verdana, Geneva; font-size: 14px;\">\u015awiadczenia przewidziane w cenie: <\/span><\/p>\n<ul>\n<li><span style=\"color: #000000; font-family: Verdana, Geneva; font-size: 14px;\">transport autokarem klasy turystycznej (opcjonalnie);<\/span><\/li>\n<li><span style=\"color: #000000; font-family: Verdana, Geneva; font-size: 14px;\">2 noclegi w obiekcie wybranej kategorii cenowej (hotelu, schronisku szkolnym itp.);<\/span><\/li>\n<li><span style=\"color: #000000; font-family: Verdana, Geneva; font-size: 14px;\">wy\u017cywienie zgodne z programem \u2013 1 obiadokolacja, 1 kolacja, 2 \u015bniadania, 2 obiady; <\/span><\/li>\n<li><span style=\"color: #000000; font-family: Verdana, Geneva; font-size: 14px;\">opieka pilota;<\/span><\/li>\n<li><span style=\"color: #000000; font-family: Verdana, Geneva; font-size: 14px;\">us\u0142ugi przewodnickie;<\/span><\/li>\n<li><span style=\"color: #000000; font-family: Verdana, Geneva; font-size: 14px;\">bilety wst\u0119pu do zwiedzanych obiekt\u00f3w. <\/span><\/li>\n<\/ul>\n<hr \/>\n<p><span style=\"color: #000000; font-family: Verdana, Geneva; font-size: 14px;\">Powy\u017cszy program zwiedzania mo\u017cna modyfikowa\u0107 i wprowadzi\u0107 poni\u017csze miejsca.<\/span><\/p>\n<p style=\"text-align: justify;\"><span style=\"font-family: Verdana, Geneva; font-size: 14px;\"><span style=\"color: #000000;\">Kopiec Ko\u015bciuszki &#8211; najwy\u017cszy i najwa\u017cniejszy kopiec Krakowa, <\/span><span style=\"color: #000000;\">powsta\u0142y <\/span><span style=\"color: #000000;\">dla uczczenia pami\u0119ci Tadeusza Ko\u015bciuszki. Ze szczytu Kopca roztacza si\u0119 imponuj\u0105cy widok na Krak\u00f3w.<br \/>\n<\/span><span style=\"color: #000000;\">Podziemia krakowskiego rynku.<br \/>\nKo\u015bci\u00f3\u0142 na Ska\u0142ce z Krypt\u0105 Zas\u0142u\u017conych gdzie spo<\/span><span style=\"color: #000000;\">czywaj\u0105 prochy <\/span><span style=\"color: #000000;\">m.in. J. D\u0142ugosza, <\/span><span style=\"color: #000000;\">W. Pola, J.I. <\/span><span style=\"color: #000000;\">K<\/span><span style=\"color: #000000;\">raszewskiego, <\/span><span style=\"color: #000000;\">A.<\/span><span style=\"color: #000000;\"> Asnyka, S. Wyspia\u0144skiego, C. <\/span><span style=\"color: #000000;\">Mi\u0142osza.<br \/>\n<\/span><span style=\"color: #000000;\">Park <\/span><span style=\"color: #000000;\">Rozrywki Energylandia w Zatorze &#8211; <\/span><span style=\"color: #000000;\">z<\/span><span style=\"color: #000000;\">abawa w najnowocze\u015bniejszym parku rozrywki w Polsce. <\/span><span style=\"color: #000000;\">Na <\/span><span style=\"color: #000000;\"> przestrzeni <\/span><span style=\"color: #000000;\">26 hektar\u00f3w\u00a0<\/span><span style=\"color: #000000;\">znajduje si\u0119 <\/span><span style=\"color: #000000;\">ponad 30 r\u00f3\u017cnego <\/span><span style=\"color: #000000;\">rodzaju nowoczesnych i zaawansowanych urz\u0105dze\u0144 i atrakcji, poczynaj\u0105c od ekstremalnych, poprzez rodzinne, a ko\u0144cz\u0105c na tych dla najm\u0142odszych.<\/span><span style=\"color: #000000;\"> Pobyt zaplanowany wg. oferty kompleksu dla danej grupy wiekowej. Szczeg\u00f3\u0142y na <\/span><a href=\"https:\/\/energylandia.pl\/\"><span style=\"color: #000000;\">https:\/\/energylandia.pl\/<\/span><\/a><span style=\"color: #000000;\"><br \/>\n<\/span><span style=\"color: #000000;\">\u0141agiewniki &#8211; <\/span><span style=\"color: #000000;\">Klasztor<\/span><span style=\"color: #000000;\"> Zgromadzenia Si\u00f3str Matki Bo\u017cej Mi\u0142osierdzia w Krakowie, z obrazem Jezusa Mi\u0142osiernego i relikwiami \u015bw. Faustyny. <\/span><span style=\"color: #000000;\">S<\/span><span style=\"color: #000000;\">tolica kultu Mi\u0142osierdzia Bo\u017cego.<br \/>\n<\/span><span style=\"color: #000000;\">Klasztor w Kalwarii Zebrzydowskiej &#8211; najwa\u017cniejsze polskie sanktuarium po Jasnej G\u00f3rze. <\/span><span style=\"color: #000000;\">Muzeum Auschwitz Birkenau <\/span><em><span style=\"color: #000000;\">&#8211; <\/span><\/em><span style=\"color: #000000;\">najwi\u0119kszy z niemieckich nazistowskich oboz\u00f3w koncentracyjnych i o\u015brodk\u00f3w Zag\u0142ady, <\/span><span style=\"color: #000000;\">b\u0119d\u0105cy \u015bwiadectwem najtragiczniejszych czas\u00f3w w naszych dziejach. <\/span><span style=\"color: #000000;\"><br \/>\n<\/span><span style=\"color: #000000;\">Zamek w Wi\u015bniczu \u2013 warownia wzniesiona w XIV w. przez Jana Kmit\u0119, od XVI w. w r\u0119kach Lubomirskich.<br \/>\n<\/span><span style=\"color: #000000;\">Zamek Kr\u00f3lewski w Niepo\u0142omicach wzniesiony przez kr\u00f3la Kazimierza Wielkiego. <\/span><\/span><\/p>\n<p style=\"text-align: justify;\"><span style=\"color: #000000; font-family: Verdana, Geneva; font-size: 14px;\">Cena wycieczki zale\u017cna jest od dok\u0142adnej ilo\u015bci uczestnik\u00f3w i terminu jej realizacji. Termin wycieczki \u2013 do ustalenia.<\/span><\/p>\n<hr \/>\n<p style=\"text-align: justify;\"><span style=\"color: #000000; font-family: Verdana, Geneva; font-size: 14px;\">Dok\u0142adny program zwiedzania dopasujemy do miejsca wyjazdu z dowolnego miejsca w Polsce. <\/span><\/p>\n","protected":false},"excerpt":{"rendered":"<p>Ramowy program wycieczki 1 dzie\u0144 Wyjazd z um\u00f3wionego miejsca we wczesnych godzinach porannych. Przejazd do Wadowic \u2013 odwiedzimy Muzeum Dom Rodzinny Jana Paw\u0142a II w kt\u00f3rym znajduj\u0105 si\u0119 osobiste rzeczy papie\u017ca, m.in. narty, plecak, modlitewnik \u2013 pami\u0105tki po \u015awi\u0119tym kt\u00f3ry &hellip; <a class=\"more-link\" href=\"https:\/\/zamosc.pttk.pl\/wordpress\/?page_id=16189\">Czytaj dalej <span class=\"meta-nav\">&rarr;<\/span><\/a><\/p>\n","protected":false},"author":1,"featured_media":0,"parent":0,"menu_order":0,"comment_status":"closed","ping_status":"closed","template":"","meta":{"footnotes":""},"class_list":["post-16189","page","type-page","status-publish","hentry"],"_links":{"self":[{"href":"https:\/\/zamosc.pttk.pl\/wordpress\/index.php?rest_route=\/wp\/v2\/pages\/16189","targetHints":{"allow":["GET"]}}],"collection":[{"href":"https:\/\/zamosc.pttk.pl\/wordpress\/index.php?rest_route=\/wp\/v2\/pages"}],"about":[{"href":"https:\/\/zamosc.pttk.pl\/wordpress\/index.php?rest_route=\/wp\/v2\/types\/page"}],"author":[{"embeddable":true,"href":"https:\/\/zamosc.pttk.pl\/wordpress\/index.php?rest_route=\/wp\/v2\/users\/1"}],"replies":[{"embeddable":true,"href":"https:\/\/zamosc.pttk.pl\/wordpress\/index.php?rest_route=%2Fwp%2Fv2%2Fcomments&post=16189"}],"version-history":[{"count":1,"href":"https:\/\/zamosc.pttk.pl\/wordpress\/index.php?rest_route=\/wp\/v2\/pages\/16189\/revisions"}],"predecessor-version":[{"id":16191,"href":"https:\/\/zamosc.pttk.pl\/wordpress\/index.php?rest_route=\/wp\/v2\/pages\/16189\/revisions\/16191"}],"wp:attachment":[{"href":"https:\/\/zamosc.pttk.pl\/wordpress\/index.php?rest_route=%2Fwp%2Fv2%2Fmedia&parent=16189"}],"curies":[{"name":"wp","href":"https:\/\/api.w.org\/{rel}","templated":true}]}}