{"id":16154,"date":"2020-04-12T09:58:27","date_gmt":"2020-04-12T07:58:27","guid":{"rendered":"http:\/\/www.zamosc.pttk.pl\/wordpress\/?page_id=16154"},"modified":"2020-04-12T10:00:49","modified_gmt":"2020-04-12T08:00:49","slug":"puszcza-bialowieska-3-dni","status":"publish","type":"page","link":"https:\/\/zamosc.pttk.pl\/wordpress\/?page_id=16154","title":{"rendered":"Puszcza Bia\u0142owieska 3 dni"},"content":{"rendered":"<p><span style=\"color: #000000;\"><span style=\"font-family: Arial, sans-serif;\"><span style=\"font-size: small;\">Ramowy program wycieczki <\/span><\/span><\/span><\/p>\n<p><span style=\"color: #000000;\"><span style=\"font-family: Arial, sans-serif;\"><span style=\"font-size: small;\">1 dzie\u0144 <\/span><\/span><\/span><\/p>\n<p><span style=\"color: #000000;\"><span style=\"font-family: Arial, sans-serif;\"><span style=\"font-size: small;\">Wyjazd z um\u00f3wionego miejsca w godzinach porannych.<\/span><\/span><\/span><\/p>\n<p><span style=\"color: #000000;\"><span style=\"font-family: Arial, sans-serif;\"><span style=\"font-size: small;\">Przejazd do Grabarki nazywanej sercem lub Cz\u0119stochow\u0105 prawos\u0142awia. Przej\u015bcie na wzg\u00f3rze otaczane szczeg\u00f3ln\u0105 czci\u0105 od XII w. Od wiek\u00f3w p\u0105tnicy przynosz\u0105 tutaj drewniane krzy\u017ce.<br \/>\nZwiedzanie cerkwi i klasztoru prawos\u0142awnego. <\/span><\/span><\/span><span style=\"color: #000000;\"><span style=\"font-family: Arial, sans-serif;\"><span style=\"font-size: small;\">Wieczorem przejazd do miejsca zakwaterowania, obiadokolacj\u0105, nocleg. <\/span><\/span><\/span><\/p>\n<p><span style=\"color: #000000;\"><span style=\"font-family: Arial, sans-serif;\"><span style=\"font-size: small;\">2 dzie\u0144 <\/span><\/span><\/span><\/p>\n<p><span style=\"color: #000000;\"><span style=\"font-family: Arial, sans-serif;\"><span style=\"font-size: small;\">Po \u015bniadaniu wyjazd na wycieczk\u0119 do Bia\u0142owieskiego Parku Narodowego.<br \/>\n<\/span><\/span><\/span><span style=\"color: #000000;\"><span style=\"font-family: Arial, sans-serif;\"><span style=\"font-size: small;\">Wizyta w rezerwacie Pokazowym Zwierz\u0105t gdzie, w warunkach zbli\u017conych do naturalnych, eksponowane s\u0105 \u017cubry, koniki polskie, \u0142osie, jelenie, sarny, dziki, \u017cubronie, wilki i ry\u015b.<br \/>\n<\/span><\/span><\/span><span style=\"color: #000000;\"><span style=\"font-family: Arial, sans-serif;\"><span style=\"font-size: small;\">Zwiedzanie Muzeum Przyrodniczo-Le\u015bnego prezentuj\u0105cego przyrod\u0119 i histori\u0119 Puszczy Bia\u0142owieskiej oraz wielowiekow\u0105 dzia\u0142alno\u015b\u0107 cz\u0142owieka na tym terenie.<br \/>\n<\/span><\/span><\/span><span style=\"color: #000000;\"><span style=\"font-family: Arial, sans-serif;\"><span style=\"font-size: small;\">Zwiedzanie cerkwi pod wezwaniem \u015aw. Miko\u0142aja Cudotw\u00f3rcy oraz spacer po Parku Pa\u0142acowym<br \/>\n<\/span><\/span><\/span><span style=\"color: #000000;\"><span style=\"font-family: Arial, sans-serif;\"><span style=\"font-size: small;\">Przej\u015bcie <\/span><\/span><\/span><span style=\"color: #000000;\"><span style=\"font-family: Arial, sans-serif;\"><span style=\"font-size: small;\">Szlak<\/span><\/span><\/span><span style=\"color: #000000;\"><span style=\"font-family: Arial, sans-serif;\"><span style=\"font-size: small;\">iem D<\/span><\/span><\/span><span style=\"color: #000000;\"><span style=\"font-family: Arial, sans-serif;\"><span style=\"font-size: small;\">\u0119b\u00f3w Kr\u00f3lewskich <\/span><\/span><\/span><span style=\"color: #000000;\"><span style=\"font-family: Arial, sans-serif;\"><span style=\"font-size: small;\">i Ksi\u0105\u017c\u0105t Litewskich \u2013 przej\u015bcie \u015bcie\u017ck\u0105 edukacyjn\u0105 w\u015br\u00f3d kilkudziesi\u0119ciu pi\u0119knych,<\/span><\/span><\/span><span style=\"color: #000000;\"><span style=\"font-family: Arial, sans-serif;\"><span style=\"font-size: small;\"> wiekowych d\u0119b\u00f3w <\/span><\/span><\/span><span style=\"color: #000000;\"><span style=\"font-family: Arial, sans-serif;\"><span style=\"font-size: small;\">nazwanych imieniem kr\u00f3l\u00f3w polskich i ksi\u0105\u017c\u0105t litewskich. Wszystkie <\/span><\/span><\/span><span style=\"color: #000000;\"><span style=\"font-family: Arial, sans-serif;\"><span style=\"font-size: small;\">d\u0119by maj\u0105 od 150 do 500 lat. Id\u0105c \u015bcie\u017ck\u0105 poznajemy histori\u0119 Puszczy Bia\u0142owieskiej, Litwy i Polski.<br \/>\n<\/span><\/span><\/span><span style=\"color: #000000;\"><span style=\"font-family: Arial, sans-serif;\"><span style=\"font-size: small;\">W\u0119dr\u00f3wka po najcenniejszej przyrodniczo cz\u0119\u015bci Bia\u0142owieskiego Parku Narodowego (do przej\u015bcia od 4,5 km do 6 km)<br \/>\n<\/span><\/span><\/span><span style=\"color: #000000;\"><span style=\"font-family: Arial, sans-serif;\"><span style=\"font-size: small;\">Po zako\u0144czeniu zwiedzania przejazd do miejsca zakwaterowania, obiadokolacja, nocleg.<br \/>\n<\/span><\/span><\/span><span style=\"color: #000000;\"><span style=\"font-family: Arial, sans-serif;\"><span style=\"font-size: small;\">Mo\u017cliwo\u015b\u0107 zorganizowania wieczoru integracyjnego\/ ogniska\/ dyskoteki. <\/span><\/span><\/span><\/p>\n<p><span style=\"color: #000000;\"><span style=\"font-family: Arial, sans-serif;\"><span style=\"font-size: small;\">3 dzie\u0144 <\/span><\/span><\/span><\/p>\n<p style=\"text-align: justify;\"><span style=\"color: #000000;\"><span style=\"font-family: Arial, sans-serif;\"><span style=\"font-size: small;\">Po \u015bniadaniu wyjazd na wycieczk\u0119 do Rezerwatu \u015acis\u0142ego Bia\u0142owieskiego Parku Narodowego \u2013 najcenniejszego fragmentu puszczy kt\u00f3ry zosta\u0142 uznany przez UNESCO za Obiekt Dziedzictwa \u015awiatowego. Taki las jak tutaj porasta\u0142 przed wiekami nasz kraj i ca\u0142y kontynent zanim nie zmieni\u0142a tego dzia\u0142alno\u015b\u0107 cz\u0142owieka. Mo\u017cliwe jest zrealizowanie wycieczki bryczk\u0105. <\/span><\/span><\/span><\/p>\n<p style=\"text-align: justify;\"><span style=\"color: #000000;\"><span style=\"font-family: Arial, sans-serif;\"><span style=\"font-size: small;\">lub<\/span><\/span><\/span><\/p>\n<p style=\"text-align: justify;\" align=\"left\"><span style=\"color: #000000;\"><span style=\"font-family: Arial, sans-serif;\"><span style=\"font-size: small;\">Zwiedzanie Drohiczyna, miasteczka z licznymi zabytkami architektonicznymi min.: Bazylika Katedralna, zesp\u00f3\u0142 klasztorny, Cerkiew \u015aw. Miko\u0142aja, Grodzisko na G\u00f3rze zamkowej. Rejs stateczkiem po Bugu.<br \/>\n<\/span><\/span><\/span><span style=\"color: #000000;\"><span style=\"font-family: Arial, sans-serif;\"><span style=\"font-size: small;\">Po zwiedzaniu obiad dwudaniowy a nast\u0119pnie wyjazd w drog\u0119 powrotn\u0105.<\/span><\/span><\/span><\/p>\n<hr \/>\n<p><span style=\"color: #000000;\"><span style=\"font-family: Arial, sans-serif;\"><span style=\"font-size: small;\">\u015awiadczenia przewidziane w cenie: <\/span><\/span><\/span><\/p>\n<ul>\n<li><span style=\"color: #000000;\"><span style=\"font-family: Arial, sans-serif;\"><span style=\"font-size: small;\">transport autokarem klasy turystycznej (opcjonalnie);<\/span><\/span><\/span><\/li>\n<li><span style=\"color: #000000;\"><span style=\"font-family: Arial, sans-serif;\"><span style=\"font-size: small;\">2 noclegi w obiekcie wybranej kategorii cenowej (hotelu, schronisku szkolnym itp.);<\/span><\/span><\/span><\/li>\n<li><span style=\"color: #000000;\"><span style=\"font-family: Arial, sans-serif;\"><span style=\"font-size: small;\">wy\u017cywienie zgodne z programem \u2013 2 obiadokolacje, 2 \u015bniadania, 2- daniowy obiad w dniu wyjazdu;<\/span><\/span><\/span><\/li>\n<li><span style=\"color: #000000;\"><span style=\"font-family: Arial, sans-serif;\"><span style=\"font-size: small;\">opieka pilota;<\/span><\/span><\/span><\/li>\n<li><span style=\"color: #000000;\"><span style=\"font-family: Arial, sans-serif;\"><span style=\"font-size: small;\">us\u0142ugi przewodnickie;<\/span><\/span><\/span><\/li>\n<li><span style=\"color: #000000;\"><span style=\"font-family: Arial, sans-serif;\"><span style=\"font-size: small;\">bilety wst\u0119pu do zwiedzanych obiekt\u00f3w. <\/span><\/span><\/span><span style=\"color: #000000;\"><span style=\"font-family: Arial, sans-serif;\"><span style=\"font-size: small;\">Cena wycieczki zale\u017cna jest od dok\u0142adnej ilo\u015bci uczestnik\u00f3w i terminu jej realizacji.<br \/>\nTermin wycieczki \u2013 do ustalenia.<br \/>\nDok\u0142adny program zwiedzania dopasujemy do miejsca wyjazdu z dowolnego miejsca w Polsce. <\/span><\/span><\/span><\/li>\n<\/ul>\n","protected":false},"excerpt":{"rendered":"<p>Ramowy program wycieczki 1 dzie\u0144 Wyjazd z um\u00f3wionego miejsca w godzinach porannych. Przejazd do Grabarki nazywanej sercem lub Cz\u0119stochow\u0105 prawos\u0142awia. Przej\u015bcie na wzg\u00f3rze otaczane szczeg\u00f3ln\u0105 czci\u0105 od XII w. Od wiek\u00f3w p\u0105tnicy przynosz\u0105 tutaj drewniane krzy\u017ce. Zwiedzanie cerkwi i klasztoru &hellip; <a class=\"more-link\" href=\"https:\/\/zamosc.pttk.pl\/wordpress\/?page_id=16154\">Czytaj dalej <span class=\"meta-nav\">&rarr;<\/span><\/a><\/p>\n","protected":false},"author":1,"featured_media":0,"parent":0,"menu_order":0,"comment_status":"closed","ping_status":"closed","template":"","meta":{"footnotes":""},"class_list":["post-16154","page","type-page","status-publish","hentry"],"_links":{"self":[{"href":"https:\/\/zamosc.pttk.pl\/wordpress\/index.php?rest_route=\/wp\/v2\/pages\/16154","targetHints":{"allow":["GET"]}}],"collection":[{"href":"https:\/\/zamosc.pttk.pl\/wordpress\/index.php?rest_route=\/wp\/v2\/pages"}],"about":[{"href":"https:\/\/zamosc.pttk.pl\/wordpress\/index.php?rest_route=\/wp\/v2\/types\/page"}],"author":[{"embeddable":true,"href":"https:\/\/zamosc.pttk.pl\/wordpress\/index.php?rest_route=\/wp\/v2\/users\/1"}],"replies":[{"embeddable":true,"href":"https:\/\/zamosc.pttk.pl\/wordpress\/index.php?rest_route=%2Fwp%2Fv2%2Fcomments&post=16154"}],"version-history":[{"count":2,"href":"https:\/\/zamosc.pttk.pl\/wordpress\/index.php?rest_route=\/wp\/v2\/pages\/16154\/revisions"}],"predecessor-version":[{"id":16157,"href":"https:\/\/zamosc.pttk.pl\/wordpress\/index.php?rest_route=\/wp\/v2\/pages\/16154\/revisions\/16157"}],"wp:attachment":[{"href":"https:\/\/zamosc.pttk.pl\/wordpress\/index.php?rest_route=%2Fwp%2Fv2%2Fmedia&parent=16154"}],"curies":[{"name":"wp","href":"https:\/\/api.w.org\/{rel}","templated":true}]}}